{"id":4156,"date":"2017-10-06T09:23:28","date_gmt":"2017-10-06T07:23:28","guid":{"rendered":"https:\/\/agh.sk\/customization2\/drevene-eurookna\/"},"modified":"2018-05-17T14:22:11","modified_gmt":"2018-05-17T12:22:11","slug":"drevene-eurookna","status":"publish","type":"page","link":"https:\/\/agh.sk\/hu\/drevene-eurookna","title":{"rendered":"Fa euroablakok"},"content":{"rendered":"<p>[vc_row][vc_column]<div  id=\"sc_promo_357874889\" \n\tclass=\"sc_promo sc_promo_default sc_promo_size_large sc_promo_no_paddings sc_promo_no_image\"><div class=\"sc_promo_text\" style=\"width: 100%;\">\n\t\t\t<div class=\"sc_promo_text_inner\" style=\"\"><h2 class=\"sc_item_title sc_promo_title sc_align_center sc_item_title_style_default\">M\u00e9retre gy\u00e1rtott fa euroablakok<\/h2><h6 class=\"sc_item_subtitle sc_promo_subtitle sc_align_center sc_item_title_style_default\">Univerz\u00e1lis fa ablakok \u00e1tgondolt konstrukci\u00f3s rendszerrel<\/h6><div class=\"sc_item_descr sc_promo_descr sc_align_center\">Az euroablakok kiv\u00e1l\u00f3 min\u0151s\u00e9g\u0171 f\u00e1b\u00f3l k\u00e9sz\u00fclt ragasztott profilokb\u00f3l k\u00e9sz\u00fclnek - eurohas\u00e1bok. El\u0151ny\u00fck, hogy hib\u00e1tlanok, reped\u00e9sekt\u0151l \u00e9s egyenletlens\u00e9gekt\u0151l mentesek. Az\u00e1ltal, hogy az eurohas\u00e1bok t\u00f6bb fa r\u00e9teg ragaszt\u00e1s\u00e1val k\u00e9sz\u00fclnek \u00e9s optim\u00e1lis m\u00e9ret\u0171re vannak kisz\u00e1r\u00edtva, meg\u0151rzik kiv\u00e9teles formai stabilit\u00e1sukat. Az euroablakok gy\u00e1rt\u00e1s\u00e1n\u00e1l dupla \u00e9s h\u00e1romr\u00e9teg\u0171 szigetel\u0151\u00fcvegeket haszn\u00e1lunk. Az \u00fcveg \u00e9s a sz\u00e1rny k\u00f6z\u00f6tt mindig van egy szell\u0151z\u0151horony, amely biztos\u00edtja a nedvess\u00e9g optim\u00e1lis elvezet\u00e9s\u00e9t. Az euroablakok az eg\u00e9sz ker\u00fclet ment\u00e9n vasalattal vannak k\u00f6rbev\u00e9ve, ami megk\u00f6nny\u00edti az ablak nyit\u00e1s\u00e1t \u00e9s d\u00f6nt\u00e9s\u00e9t. Az ablakok felsz\u00edne teljes impregn\u00e1l\u00e1ssal kezelt, sz\u00ednes alappal bevont \u00e9s v\u00edzz\u00e1r\u00f3 fel\u00fcleti lakkal permetezett.<\/div><div class=\"sc_promo_content sc_item_content\">[vc_column_text]<\/p>\n<p style=\"text-align: center;\"><em>A f\u00e1b\u00f3l k\u00e9sz\u00fclt euroablakok kiv\u00e1l\u00f3, n\u00e9gyir\u00e1ny\u00fa Siegenia vasalattal \u00e9s integr\u00e1lt mikroszell\u0151z\u00e9ssel rendelkeznek.<\/em><\/p>\n<p>[\/vc_column_text][vc_empty_space height=&#8221;&#8221; alter_height=&#8221;small&#8221; hide_on_mobile=&#8221;&#8221;][vc_row_inner][vc_column_inner width=&#8221;1\/2&#8243;][vc_column_text]<\/p>\n<ul class=\"trx_addons_list trx_addons_list_dot\">\n<li>Az eurohas\u00e1bnak k\u00f6sz\u00f6nhet\u0151en az ablakok hossz\u00fa ideig hossz\u00fa ideig meg\u0151rzik alakjuk stabilit\u00e1s\u00e1t \u00e9s szerkezeti szil\u00e1rds\u00e1g\u00e1t. A becs\u00fcletes mestermunka hossz\u00fa \u00e9lettartamot \u00e9s k\u00f6nny\u0171 karbantart\u00e1st garant\u00e1l.<\/li>\n<li>Fa euro ablakainkat mindig m\u00e9retre gy\u00e1rtjuk, mivel \u00f6sszhangban kell lenni\u00fck az adott \u00e9p\u00fclettel. A konkr\u00e9t form\u00e1ban, anyagkiv\u00e1laszt\u00e1sban, szerkezetben \u00e9s m\u00e1s jellegzetess\u00e9gekben mindig r\u00e9szletekbe men\u0151en egyeztet\u00fcnk a megrendel\u0151kkel.<\/li>\n<\/ul>\n<p>[\/vc_column_text][\/vc_column_inner][vc_column_inner width=&#8221;1\/2&#8243;][vc_column_text]<\/p>\n<ul class=\"trx_addons_list trx_addons_list_dot\">\n<li>Minden euroablak gy\u00e1rt\u00e1s\u00e1ra k\u00e9sz\u00edtett fa k\u00fcl\u00f6nb\u00f6z\u0151 h\u0151szigetel\u00e9si tulajdons\u00e1gokkal \u00e9s mint\u00e1zattal rendelkezik. A fa v\u00e9gs\u0151 kin\u00e9zete befoly\u00e1solhat\u00f3 megfelel\u0151, term\u00e9szetes m\u00e1zol\u00e1ssal vagy lakkal.<\/li>\n<li>A modern euroablakok nem ig\u00e9nyelnek k\u00fcls\u0151 karbantart\u00e1st \u00e9s garant\u00e1lj\u00e1k a hossz\u00fa t\u00e1v\u00fa probl\u00e9mamentes m\u0171k\u00f6d\u00e9st. A professzion\u00e1lisan gy\u00e1rtott \u00e9s be\u00e9p\u00edtett euroablakok jelent\u0151s hat\u00e1ssal van a f\u0171t\u00e9si k\u00f6lts\u00e9gek cs\u00f6kkent\u00e9s\u00e9re \u00e9s az optim\u00e1lis kl\u00edma fenntart\u00e1s\u00e1ra a lak\u00e1sban.<\/li>\n<\/ul>\n<p>[\/vc_column_text][\/vc_column_inner][\/vc_row_inner]<\/div><\/div>\n\t\t<\/div><!-- \/.sc_promo_text --><\/div><!-- \/.sc_promo -->[\/vc_column][\/vc_row]<\/p>\n","protected":false},"excerpt":{"rendered":"<p>[vc_row][vc_column][\/vc_column][\/vc_row]<\/p>\n","protected":false},"author":1,"featured_media":0,"parent":4126,"menu_order":0,"comment_status":"closed","ping_status":"closed","template":"","meta":{"_exactmetrics_skip_tracking":false,"_exactmetrics_sitenote_active":false,"_exactmetrics_sitenote_note":"","_exactmetrics_sitenote_category":0,"ngg_post_thumbnail":0},"yoast_head":"<!-- This site is optimized with the Yoast SEO plugin v19.5.1 - https:\/\/yoast.com\/wordpress\/plugins\/seo\/ -->\n<title>Dreven\u00e9 eurookn\u00e1 na mieru - Juraj \u00c1gh - \u00c1GH STOL\u00c1RSTO<\/title>\n<meta name=\"robots\" content=\"index, follow, max-snippet:-1, max-image-preview:large, max-video-preview:-1\" \/>\n<link rel=\"canonical\" href=\"https:\/\/agh.sk\/hu\/drevene-eurookna\/\" \/>\n<meta property=\"og:locale\" content=\"hu_HU\" \/>\n<meta property=\"og:type\" content=\"article\" \/>\n<meta property=\"og:title\" content=\"Dreven\u00e9 eurookn\u00e1 na mieru - Juraj \u00c1gh - \u00c1GH STOL\u00c1RSTO\" \/>\n<meta property=\"og:description\" content=\"[vc_row][vc_column][\/vc_column][\/vc_row]\" \/>\n<meta property=\"og:url\" content=\"https:\/\/agh.sk\/hu\/drevene-eurookna\/\" \/>\n<meta property=\"og:site_name\" content=\"Juraj \u00c1gh - \u00c1GH STOL\u00c1RSTVO\" \/>\n<meta property=\"article:publisher\" content=\"https:\/\/www.facebook.com\/GH-okn-a-dvere-sro-745662738825627\/\" \/>\n<meta property=\"article:modified_time\" content=\"2018-05-17T12:22:11+00:00\" \/>\n<meta name=\"twitter:card\" content=\"summary_large_image\" \/>\n<meta name=\"twitter:label1\" content=\"Becs\u00fclt olvas\u00e1si id\u0151\" \/>\n\t<meta name=\"twitter:data1\" content=\"3 perc\" \/>\n<script type=\"application\/ld+json\" class=\"yoast-schema-graph\">{\"@context\":\"https:\/\/schema.org\",\"@graph\":[{\"@type\":\"WebPage\",\"@id\":\"https:\/\/agh.sk\/hu\/drevene-eurookna\/\",\"url\":\"https:\/\/agh.sk\/hu\/drevene-eurookna\/\",\"name\":\"Dreven\u00e9 eurookn\u00e1 na mieru - Juraj \u00c1gh - \u00c1GH STOL\u00c1RSTO\",\"isPartOf\":{\"@id\":\"https:\/\/agh.sk\/#website\"},\"datePublished\":\"2017-10-06T07:23:28+00:00\",\"dateModified\":\"2018-05-17T12:22:11+00:00\",\"breadcrumb\":{\"@id\":\"https:\/\/agh.sk\/hu\/drevene-eurookna\/#breadcrumb\"},\"inLanguage\":\"hu\",\"potentialAction\":[{\"@type\":\"ReadAction\",\"target\":[\"https:\/\/agh.sk\/hu\/drevene-eurookna\/\"]}]},{\"@type\":\"BreadcrumbList\",\"@id\":\"https:\/\/agh.sk\/hu\/drevene-eurookna\/#breadcrumb\",\"itemListElement\":[{\"@type\":\"ListItem\",\"position\":1,\"name\":\"Domov\",\"item\":\"https:\/\/agh.sk\/hu\/domov\/\"},{\"@type\":\"ListItem\",\"position\":2,\"name\":\"M\u00e9retre gy\u00e1rtott ablakok\",\"item\":\"https:\/\/agh.sk\/hu\/okna-na-mieru\/\"},{\"@type\":\"ListItem\",\"position\":3,\"name\":\"Fa euroablakok\"}]},{\"@type\":\"WebSite\",\"@id\":\"https:\/\/agh.sk\/#website\",\"url\":\"https:\/\/agh.sk\/\",\"name\":\"Juraj \u00c1gh - \u00c1GH STOL\u00c1RSTVO\",\"description\":\"Okn\u00e1 a dvere\",\"potentialAction\":[{\"@type\":\"SearchAction\",\"target\":{\"@type\":\"EntryPoint\",\"urlTemplate\":\"https:\/\/agh.sk\/?s={search_term_string}\"},\"query-input\":\"required name=search_term_string\"}],\"inLanguage\":\"hu\"}]}<\/script>\n<!-- \/ Yoast SEO plugin. -->","yoast_head_json":{"title":"Dreven\u00e9 eurookn\u00e1 na mieru - Juraj \u00c1gh - \u00c1GH STOL\u00c1RSTO","robots":{"index":"index","follow":"follow","max-snippet":"max-snippet:-1","max-image-preview":"max-image-preview:large","max-video-preview":"max-video-preview:-1"},"canonical":"https:\/\/agh.sk\/hu\/drevene-eurookna\/","og_locale":"hu_HU","og_type":"article","og_title":"Dreven\u00e9 eurookn\u00e1 na mieru - Juraj \u00c1gh - \u00c1GH STOL\u00c1RSTO","og_description":"[vc_row][vc_column][\/vc_column][\/vc_row]","og_url":"https:\/\/agh.sk\/hu\/drevene-eurookna\/","og_site_name":"Juraj \u00c1gh - \u00c1GH STOL\u00c1RSTVO","article_publisher":"https:\/\/www.facebook.com\/GH-okn-a-dvere-sro-745662738825627\/","article_modified_time":"2018-05-17T12:22:11+00:00","twitter_card":"summary_large_image","twitter_misc":{"Becs\u00fclt olvas\u00e1si id\u0151":"3 perc"},"schema":{"@context":"https:\/\/schema.org","@graph":[{"@type":"WebPage","@id":"https:\/\/agh.sk\/hu\/drevene-eurookna\/","url":"https:\/\/agh.sk\/hu\/drevene-eurookna\/","name":"Dreven\u00e9 eurookn\u00e1 na mieru - Juraj \u00c1gh - \u00c1GH STOL\u00c1RSTO","isPartOf":{"@id":"https:\/\/agh.sk\/#website"},"datePublished":"2017-10-06T07:23:28+00:00","dateModified":"2018-05-17T12:22:11+00:00","breadcrumb":{"@id":"https:\/\/agh.sk\/hu\/drevene-eurookna\/#breadcrumb"},"inLanguage":"hu","potentialAction":[{"@type":"ReadAction","target":["https:\/\/agh.sk\/hu\/drevene-eurookna\/"]}]},{"@type":"BreadcrumbList","@id":"https:\/\/agh.sk\/hu\/drevene-eurookna\/#breadcrumb","itemListElement":[{"@type":"ListItem","position":1,"name":"Domov","item":"https:\/\/agh.sk\/hu\/domov\/"},{"@type":"ListItem","position":2,"name":"M\u00e9retre gy\u00e1rtott ablakok","item":"https:\/\/agh.sk\/hu\/okna-na-mieru\/"},{"@type":"ListItem","position":3,"name":"Fa euroablakok"}]},{"@type":"WebSite","@id":"https:\/\/agh.sk\/#website","url":"https:\/\/agh.sk\/","name":"Juraj \u00c1gh - \u00c1GH STOL\u00c1RSTVO","description":"Okn\u00e1 a dvere","potentialAction":[{"@type":"SearchAction","target":{"@type":"EntryPoint","urlTemplate":"https:\/\/agh.sk\/?s={search_term_string}"},"query-input":"required name=search_term_string"}],"inLanguage":"hu"}]}},"_links":{"self":[{"href":"https:\/\/agh.sk\/hu\/wp-json\/wp\/v2\/pages\/4156"}],"collection":[{"href":"https:\/\/agh.sk\/hu\/wp-json\/wp\/v2\/pages"}],"about":[{"href":"https:\/\/agh.sk\/hu\/wp-json\/wp\/v2\/types\/page"}],"author":[{"embeddable":true,"href":"https:\/\/agh.sk\/hu\/wp-json\/wp\/v2\/users\/1"}],"replies":[{"embeddable":true,"href":"https:\/\/agh.sk\/hu\/wp-json\/wp\/v2\/comments?post=4156"}],"version-history":[{"count":2,"href":"https:\/\/agh.sk\/hu\/wp-json\/wp\/v2\/pages\/4156\/revisions"}],"predecessor-version":[{"id":4158,"href":"https:\/\/agh.sk\/hu\/wp-json\/wp\/v2\/pages\/4156\/revisions\/4158"}],"up":[{"embeddable":true,"href":"https:\/\/agh.sk\/hu\/wp-json\/wp\/v2\/pages\/4126"}],"wp:attachment":[{"href":"https:\/\/agh.sk\/hu\/wp-json\/wp\/v2\/media?parent=4156"}],"curies":[{"name":"wp","href":"https:\/\/api.w.org\/{rel}","templated":true}]}}