{"id":4133,"date":"2017-10-06T09:02:54","date_gmt":"2017-10-06T07:02:54","guid":{"rendered":"https:\/\/agh.sk\/customization2\/drevohlinikove-okna\/"},"modified":"2018-05-15T16:44:48","modified_gmt":"2018-05-15T14:44:48","slug":"drevohlinikove-okna","status":"publish","type":"page","link":"https:\/\/agh.sk\/hu\/drevohlinikove-okna","title":{"rendered":"Fa-alum\u00ednium ablakok"},"content":{"rendered":"<p>[vc_row][vc_column]<div  id=\"sc_promo_1356561029\" \n\tclass=\"sc_promo sc_promo_default sc_promo_size_large sc_promo_no_paddings sc_promo_no_image\"><div class=\"sc_promo_text\" style=\"width: 100%;\">\n\t\t\t<div class=\"sc_promo_text_inner\" style=\"\"><h2 class=\"sc_item_title sc_promo_title sc_align_center sc_item_title_style_default\">M\u00e9retre gy\u00e1rtott fa-alum\u00ednium ablakok<\/h2><h6 class=\"sc_item_subtitle sc_promo_subtitle sc_align_center sc_item_title_style_default\">A legtart\u00f3sabb ablakok a piacon<\/h6><div class=\"sc_item_descr sc_promo_descr sc_align_center\">Az alum\u00ednium burkolat\u00fa faablakok kiv\u00e9teles \u00e9lettartamot garant\u00e1lnak. A t\u00f6m\u00f6rfa t\u00f6k\u00e9letesen tartja a h\u0151t, az alum\u00ednium pedig probl\u00e9mamentesen szembesz\u00e1ll a legsz\u00e9ls\u0151s\u00e9gesebb id\u0151j\u00e1r\u00e1si k\u00f6r\u00fclm\u00e9nyekkel is. A fa-alum\u00ednium ablakokhoz klasszikus faanyagot haszn\u00e1lunk, mint p\u00e9ld\u00e1ul t\u00f6lgy, luc, borovi, valamint az egzotikus fajt\u00e1k k\u00f6z\u00fcl a meranti vagy mahag\u00f3ni. A h\u0151 \u00e9s hangszigetel\u00e9s a kiv\u00e1l\u00f3 min\u0151s\u00e9g\u0171 dupla \u00e9s a tripla \u00fcvegez\u00e9s garant\u00e1lja. A felsz\u00edni alum\u00edniumkezel\u00e9s lehet\u0151v\u00e9 teszi a k\u00fcls\u0151 keretek \u00e9s h\u00e1z, vagy \u00e9p\u00fclet st\u00edlus\u00e1nak \u00f6sszehangol\u00e1s\u00e1t. Speci\u00e1lis \u00e9s porbevonatok sz\u00ednes sk\u00e1l\u00e1ja k\u00f6z\u00fcl v\u00e1laszthat.<\/div><div class=\"sc_promo_content sc_item_content\">[vc_column_text]<\/p>\n<p style=\"text-align: center;\"><em>A kiv\u00e1l\u00f3 tulajdons\u00e1gokkal rendelkez\u0151 fa-alum\u00ednium ablakok egyar\u00e1nt megfelelnek a passz\u00edv, illetve alacsony energiaig\u00e9ny\u0171 h\u00e1zakba.<\/em><\/p>\n<p>[\/vc_column_text][vc_empty_space height=&#8221;&#8221; alter_height=&#8221;small&#8221; hide_on_mobile=&#8221;&#8221;][vc_row_inner][vc_column_inner width=&#8221;1\/2&#8243;][vc_column_text]<\/p>\n<ul class=\"trx_addons_list trx_addons_list_dot\">\n<li>A kiv\u00e1l\u00f3 h\u0151szigetel\u0151 tulajdons\u00e1gokkal rendelkez\u0151term\u00e9szetes fa \u00e9s a t\u00f6m\u00f6r alum\u00ednium kombin\u00e1ci\u00f3ja olyan ablakot alkot, amely ellen\u00e1ll az id\u0151nek, az id\u0151j\u00e1r\u00e1si k\u00f6r\u00fclm\u00e9nyeknek \u00e9s a fizikai k\u00e1rosod\u00e1soknak.<\/li>\n<li>A fa-alum\u00ednium ablakok rendk\u00edv\u00fcli \u00e9lettartammal rendelkeznek. A k\u00fcls\u0151, fa keretet k\u00edv\u00fclr\u0151l alum\u00edniumpal\u00e1st v\u00e9di, ami m\u00e9g egy tov\u00e1bbi fel\u00fcletkezel\u00e9sen is \u00e1tesik. Bel\u00fclr\u0151l pedig csod\u00e1lhatja a gy\u00f6ny\u00f6r\u0171 fa mint\u00e1zatot, valamint az eredeti fa meleg \u00e9rint\u00e9s\u00e9t.<\/li>\n<\/ul>\n<p>[\/vc_column_text][\/vc_column_inner][vc_column_inner width=&#8221;1\/2&#8243;][vc_column_text]<\/p>\n<ul class=\"trx_addons_list trx_addons_list_dot\">\n<li>Az ablakok nem ig\u00e9nyesek \u00e9s k\u00f6nnyen karbantarthat\u00f3k, nem tartalmaznak \u00e1rtalmas anyagokat, \u00e9s vari\u00e1lhat\u00f3 a formatervez\u00e9s\u00fck. F\u00e1b\u00f3l k\u00e9sz\u00fclt alum\u00ednium ablakokat k\u00e9sz\u00edt\u00fcnk egyedi ig\u00e9nyeknek megfelel\u0151en. A megrendel\u0151 k\u00fcl\u00f6nb\u00f6z\u0151 t\u00edpus\u00fa f\u00e1b\u00f3l, fa dekor\u00e1ci\u00f3b\u00f3l \u00e9s megfelel\u0151 profilrendszerekb\u0151l v\u00e1laszthat.<\/li>\n<li>Az alum\u00ednium bor\u00edt\u00e1s megn\u00f6veli a faablak haszn\u00e1lati \u00e9rt\u00e9k\u00e9t. A rejtett Siegenia kov\u00e1csol\u00e1s megsokszorozza az ablak eszt\u00e9tikai kvalit\u00e1sait \u00e9s letisztult formatervez\u00e9st eredm\u00e9nyez. B\u00e1rmilyen sz\u00ednes v\u00e1ltozatot k\u00e9rhet az alum\u00ednium bor\u00edt\u00e1s sz\u00e1m\u00e1ra.<\/li>\n<\/ul>\n<p>[\/vc_column_text][\/vc_column_inner][\/vc_row_inner][vc_separator css=&#8221;.vc_custom_1519037269790{margin-top: 4rem !important;margin-bottom: 1rem !important;}&#8221;]<\/div><\/div>\n\t\t<\/div><!-- \/.sc_promo_text --><\/div><!-- \/.sc_promo -->[vc_custom_heading text=&#8221;Drevohlin\u00edkov\u00e9 okn\u00e1&#8221; font_container=&#8221;tag:h3|font_size:25px|text_align:center&#8221; use_theme_fonts=&#8221;yes&#8221;][vc_row_inner][vc_column_inner width=&#8221;1\/4&#8243;]<div class=\"ult-modal-input-wrapper ult-adjust-bottom-margin\"><img src=\"https:\/\/agh.sk\/wp-content\/uploads\/2018\/02\/Classic1.jpg\" data-class-id=\"content-69ef1c9140cb8\" class=\"ult-modal-img overlay-show ult-align-center ult-modal-image-\" data-overlay-class=\"overlay-zoomin\"\/><\/div>\n<div class=\"ult-overlay content-69ef1c9140cb8 \" data-class=\"content-69ef1c9140cb8\" id=\"button-click-overlay\" style=\"background:rgba(255,255,255,0.8); display:none;\">\n\t<div class=\"ult_modal ult-fade ult-medium\">\n\t\t<div class=\"ult_modal-content\" style=\"\">\n\t\t\t<div class=\"ult_modal-header\" style=\"color:#333333;\">\n\t\t\t\t<h3 class=\"ult_modal-title\">Classic<\/h3>\n\t\t\t<\/div>\n\t\t\t<div class=\"ult_modal-body ult-html\" style=\"\">\n\t\t\t<img loading=\"lazy\" class=\"size-full wp-image-2251 alignleft\" src=\"https:\/\/agh.sk\/wp-content\/uploads\/2018\/02\/Classic1.jpg\" alt=\"\" width=\"591\" height=\"591\"><strong>Classic<\/strong><\/p>\n<p>Classic, a hagyom\u00e1nyos megold\u00e1sokat kedvel\u0151k sz\u00e1m\u00e1ra tervezett rendszer. Ez a legn\u00e9pszer\u0171bb, nem falba s\u00fcllyesztett rendszer, klasszikus Al profilokkal.<\/p>\n<p>A rendszerprofilok a sarkokban pr\u00e9sel\u00e9ssel vannak \u00f6sszekapcsolva, vagy hegeszt\u00e9ssel k\u00e9sz\u00fclnek. A kivielez\u00e9st magas eszt\u00e9tikai \u00e9rt\u00e9kek \u00e9s funkcionalit\u00e1s jellemzi.<\/p>\n<table>\n<tbody>\n<tr>\n<td><b>M\u0171szaki param\u00e9terek:<\/b><\/td>\n<td>&nbsp;<\/td>\n<td>&nbsp;<\/td>\n<\/tr>\n<tr>\n<td>Profilok:&nbsp;<\/td>\n<td>78 mm<\/td>\n<td>92 mm<\/td>\n<\/tr>\n<tr>\n<td>\u00dcveg:<\/td>\n<td>4\/16\/4\/16\/4<\/td>\n<td>4\/18\/4\/18\/4<\/td>\n<\/tr>\n<tr>\n<td>Az \u00fcveg h\u0151\u00e1tbocs\u00e1t\u00e1si t\u00e9nyez\u0151je:<\/td>\n<td>&nbsp;Ug 0,7 W\/(m2K)<\/td>\n<td>&nbsp;0,5 W\/(m2K)&nbsp;<\/td>\n<\/tr>\n<tr>\n<td>Az ablak h\u0151\u00e1tbocs\u00e1t\u00e1si t\u00e9nyez\u0151je:<\/td>\n<td>Uw 0,891 W\/(m2K)<\/td>\n<td>0,735 W\/(m2K)<\/td>\n<\/tr>\n<\/tbody>\n<\/table>\n<p>\n\t\t\t<\/div>\n\t<\/div>\n\t<\/div>\n\t<div class=\"ult-overlay-close\">Close<\/div>\n<\/div><div class=\"ult-modal-input-wrapper ult-adjust-bottom-margin\"><span style=\"color:#9b9b9b;cursor:pointer;\" data-class-id=\"content-69ef1c914128e\" class=\"overlay-show ult-align-center\" data-overlay-class=\"overlay-zoomin\">Classic<\/span><\/div>\n<div class=\"ult-overlay content-69ef1c914128e \" data-class=\"content-69ef1c914128e\" id=\"button-click-overlay\" style=\"background:rgba(255,255,255,0.8); display:none;\">\n\t<div class=\"ult_modal ult-fade ult-medium\">\n\t\t<div class=\"ult_modal-content\" style=\"\">\n\t\t\t<div class=\"ult_modal-header\" style=\"color:#333333;\">\n\t\t\t\t<h3 class=\"ult_modal-title\">Classic<\/h3>\n\t\t\t<\/div>\n\t\t\t<div class=\"ult_modal-body ult-html\" style=\"\">\n\t\t\t<img loading=\"lazy\" class=\"size-full wp-image-2251 alignleft\" src=\"https:\/\/agh.sk\/wp-content\/uploads\/2018\/02\/Classic1.jpg\" alt=\"\" width=\"591\" height=\"591\"><strong>Classic<\/strong><\/p>\n<p>Classic, a hagyom\u00e1nyos megold\u00e1sokat kedvel\u0151k sz\u00e1m\u00e1ra tervezett rendszer. Ez a legn\u00e9pszer\u0171bb, nem falba s\u00fcllyesztett rendszer, klasszikus Al profilokkal.<\/p>\n<p>A rendszerprofilok a sarkokban pr\u00e9sel\u00e9ssel vannak \u00f6sszekapcsolva, vagy hegeszt\u00e9ssel k\u00e9sz\u00fclnek. A kivielez\u00e9st magas eszt\u00e9tikai \u00e9rt\u00e9kek \u00e9s funkcionalit\u00e1s jellemzi.<\/p>\n<table>\n<tbody>\n<tr>\n<td><b>M\u0171szaki param\u00e9terek:<\/b><\/td>\n<td>&nbsp;<\/td>\n<td>&nbsp;<\/td>\n<\/tr>\n<tr>\n<td>Profilok:&nbsp;<\/td>\n<td>78 mm<\/td>\n<td>92 mm<\/td>\n<\/tr>\n<tr>\n<td>\u00dcveg:<\/td>\n<td>4\/16\/4\/16\/4<\/td>\n<td>4\/18\/4\/18\/4<\/td>\n<\/tr>\n<tr>\n<td>Az \u00fcveg h\u0151\u00e1tbocs\u00e1t\u00e1si t\u00e9nyez\u0151je:<\/td>\n<td>&nbsp;Ug 0,7 W\/(m2K)<\/td>\n<td>&nbsp;0,5 W\/(m2K)&nbsp;<\/td>\n<\/tr>\n<tr>\n<td>Az ablak h\u0151\u00e1tbocs\u00e1t\u00e1si t\u00e9nyez\u0151je:<\/td>\n<td>Uw 0,891 W\/(m2K)<\/td>\n<td>0,735 W\/(m2K)<\/td>\n<\/tr>\n<\/tbody>\n<\/table>\n<p>\n\t\t\t<\/div>\n\t<\/div>\n\t<\/div>\n\t<div class=\"ult-overlay-close\">Close<\/div>\n<\/div>[\/vc_column_inner][vc_column_inner width=&#8221;1\/4&#8243;]<div class=\"ult-modal-input-wrapper ult-adjust-bottom-margin\"><img src=\"https:\/\/agh.sk\/wp-content\/uploads\/2018\/02\/Retro6.jpg\" data-class-id=\"content-69ef1c91412eb\" class=\"ult-modal-img overlay-show ult-align-center ult-modal-image-\" data-overlay-class=\"overlay-zoomin\"\/><\/div>\n<div class=\"ult-overlay content-69ef1c91412eb \" data-class=\"content-69ef1c91412eb\" id=\"button-click-overlay\" style=\"background:rgba(255,255,255,0.8); display:none;\">\n\t<div class=\"ult_modal ult-fade ult-medium\">\n\t\t<div class=\"ult_modal-content\" style=\"\">\n\t\t\t<div class=\"ult_modal-header\" style=\"color:#333333;\">\n\t\t\t\t<h3 class=\"ult_modal-title\">Retro<\/h3>\n\t\t\t<\/div>\n\t\t\t<div class=\"ult_modal-body ult-html\" style=\"\">\n\t\t\t<img loading=\"lazy\" class=\"size-full wp-image-2251 alignleft\" src=\"https:\/\/agh.sk\/wp-content\/uploads\/2018\/02\/Retro6.jpg\" alt=\"\" width=\"591\" height=\"591\"><strong>Retro<\/strong><\/p>\n<p>A Retro t\u00f6rt\u00e9nelmi \u00e9p\u00fcletekhez k\u00e9sz\u00fclt, illet\u0151leg olyan helyekre, ahol a t\u00f6rt\u00e9nelmi st\u00edlus felt\u00e9tel. Az Al profilok sokf\u00e9le sz\u00ednben megtal\u00e1lhat\u00f3k, ez\u00e1ltal k\u00f6nny\u0171 kiel\u00e9g\u00edteni az eml\u00e9kv\u00e9d\u0151k, a tervez\u0151k \u00e9s a befektet\u0151k ig\u00e9nyeit. A rendszerprofilok hegesztett vagy pr\u00e9selt keretekk\u00e9nt is sz\u00e1ll\u00edthat\u00f3k. A Gemini Retro rendszer nem falba s\u00fcllyesztett. A Retro rendszer \u00e9rdekes kialak\u00edt\u00e1ssal \u00e9s funkcionalit\u00e1ssal rendelkezik. Sz\u00e1mos \u00e9p\u00edt\u00e9si m\u00f3dot \u00e9s j\u00f3 param\u00e9tereket k\u00edn\u00e1l.<\/p>\n<table>\n<tbody>\n<tr>\n<td><b>M\u0171szaki param\u00e9terek:<\/b><\/td>\n<td>&nbsp;<\/td>\n<td>&nbsp;<\/td>\n<\/tr>\n<tr>\n<td>Profilok:<\/td>\n<td>78 mm<\/td>\n<td>92 mm<\/td>\n<\/tr>\n<tr>\n<td>\u00dcveg:<\/td>\n<td>4\/16\/4\/16\/4<\/td>\n<td>4\/18\/4\/18\/4<\/td>\n<\/tr>\n<tr>\n<td>Az \u00fcveg h\u0151szigetel\u00e9si \u00e9rt\u00e9ke:<\/td>\n<td>Ug 0,7 W\/(m2K)<\/td>\n<td>0,5 W\/(m2K)<\/td>\n<\/tr>\n<tr>\n<td>Az ablak h\u0151\u00e1tad\u00e1si egy\u00fctthat\u00f3ja:<\/td>\n<td>Uw 0,891W\/(m2K)<\/td>\n<td>0,735 W\/(m2K)<\/td>\n<\/tr>\n<\/tbody>\n<\/table>\n<p>\n\t\t\t<\/div>\n\t<\/div>\n\t<\/div>\n\t<div class=\"ult-overlay-close\">Close<\/div>\n<\/div><div class=\"ult-modal-input-wrapper ult-adjust-bottom-margin\"><span style=\"color:#9b9b9b;cursor:pointer;\" data-class-id=\"content-69ef1c91415f5\" class=\"overlay-show ult-align-center\" data-overlay-class=\"overlay-zoomin\">Retro<\/span><\/div>\n<div class=\"ult-overlay content-69ef1c91415f5 \" data-class=\"content-69ef1c91415f5\" id=\"button-click-overlay\" style=\"background:rgba(255,255,255,0.8); display:none;\">\n\t<div class=\"ult_modal ult-fade ult-medium\">\n\t\t<div class=\"ult_modal-content\" style=\"\">\n\t\t\t<div class=\"ult_modal-header\" style=\"color:#333333;\">\n\t\t\t\t<h3 class=\"ult_modal-title\">Retro<\/h3>\n\t\t\t<\/div>\n\t\t\t<div class=\"ult_modal-body ult-html\" style=\"\">\n\t\t\t<img loading=\"lazy\" class=\"size-full wp-image-2251 alignleft\" src=\"https:\/\/agh.sk\/wp-content\/uploads\/2018\/02\/Retro6.jpg\" alt=\"\" width=\"591\" height=\"591\"><strong>Retro<\/strong><\/p>\n<p>A Retro t\u00f6rt\u00e9nelmi \u00e9p\u00fcletekhez k\u00e9sz\u00fclt, illet\u0151leg olyan helyekre, ahol a t\u00f6rt\u00e9nelmi st\u00edlus felt\u00e9tel. Az Al profilok sokf\u00e9le sz\u00ednben megtal\u00e1lhat\u00f3k, ez\u00e1ltal k\u00f6nny\u0171 kiel\u00e9g\u00edteni az eml\u00e9kv\u00e9d\u0151k, a tervez\u0151k \u00e9s a befektet\u0151k ig\u00e9nyeit. A rendszerprofilok hegesztett vagy pr\u00e9selt keretekk\u00e9nt is sz\u00e1ll\u00edthat\u00f3k. A Gemini Retro rendszer nem falba s\u00fcllyesztett. A Retro rendszer \u00e9rdekes kialak\u00edt\u00e1ssal \u00e9s funkcionalit\u00e1ssal rendelkezik. Sz\u00e1mos \u00e9p\u00edt\u00e9si m\u00f3dot \u00e9s j\u00f3 param\u00e9tereket k\u00edn\u00e1l.<\/p>\n<table>\n<tbody>\n<tr>\n<td><b>M\u0171szaki param\u00e9terek:<\/b><\/td>\n<td>&nbsp;<\/td>\n<td>&nbsp;<\/td>\n<\/tr>\n<tr>\n<td>Profilok:<\/td>\n<td>78 mm<\/td>\n<td>92 mm<\/td>\n<\/tr>\n<tr>\n<td>\u00dcveg:<\/td>\n<td>4\/16\/4\/16\/4 &#8211;<\/td>\n<td>4\/18\/4\/18\/4<\/td>\n<\/tr>\n<tr>\n<td>Az \u00fcveg h\u0151szigetel\u00e9si \u00e9rt\u00e9ke:<\/td>\n<td>Ug 0,7 W\/(m2K)<\/td>\n<td>0,5 W\/(m2K)<\/td>\n<\/tr>\n<tr>\n<td>Az ablak h\u0151\u00e1tad\u00e1si egy\u00fctthat\u00f3ja:<\/td>\n<td>Uw 0,891W\/(m2K)<\/td>\n<td>0,735 W\/(m2K)<\/td>\n<\/tr>\n<\/tbody>\n<\/table>\n<p>\n\t\t\t<\/div>\n\t<\/div>\n\t<\/div>\n\t<div class=\"ult-overlay-close\">Close<\/div>\n<\/div>[\/vc_column_inner][vc_column_inner width=&#8221;1\/4&#8243;]<div class=\"ult-modal-input-wrapper ult-adjust-bottom-margin\"><img src=\"https:\/\/agh.sk\/wp-content\/uploads\/2018\/02\/Soft-Line7.1.jpg\" data-class-id=\"content-69ef1c914164b\" class=\"ult-modal-img overlay-show ult-align-center ult-modal-image-\" data-overlay-class=\"overlay-zoomin\"\/><\/div>\n<div class=\"ult-overlay content-69ef1c914164b \" data-class=\"content-69ef1c914164b\" id=\"button-click-overlay\" style=\"background:rgba(255,255,255,0.8); display:none;\">\n\t<div class=\"ult_modal ult-fade ult-medium\">\n\t\t<div class=\"ult_modal-content\" style=\"\">\n\t\t\t<div class=\"ult_modal-header\" style=\"color:#333333;\">\n\t\t\t\t<h3 class=\"ult_modal-title\">Soft line <\/h3>\n\t\t\t<\/div>\n\t\t\t<div class=\"ult_modal-body ult-html\" style=\"\">\n\t\t\t<img loading=\"lazy\" class=\"size-full wp-image-2251 alignleft\" src=\"https:\/\/agh.sk\/wp-content\/uploads\/2018\/02\/Soft-Line7.1.jpg\" alt=\"\" width=\"591\" height=\"591\"><strong>Soft Line<\/strong><\/p>\n<p>A Soft Line-t szokatlan k\u00fclalak jellemzi. Ezt az AL profilok lekerek\u00edtett form\u00e1i okozz\u00e1k. Egy nagyon eleg\u00e1ns \u00e9s funkcion\u00e1lis megold\u00e1sr\u00f3l van sz\u00f3. A rendszer kiv\u00e1l\u00f3 mechanikai, szigetel\u0151 \u00e9s akusztikus eredm\u00e9nyeket produk\u00e1l. A Soft Line rendszerprofilok pr\u00e9selt vagy hegesztett keretk\u00e9nt is kaphat\u00f3k. L\u00e9tjogosults\u00e1guk van minden\u00fctt, ahol illenek az objektum \u00f6sszkompoz\u00edci\u00f3j\u00e1hoz.<\/p>\n<table>\n<tbody>\n<tr>\n<td><b>M\u0171szaki param\u00e9terek:<\/b><\/td>\n<td>&nbsp;<\/td>\n<td>&nbsp;<\/td>\n<\/tr>\n<tr>\n<td>Profilok:<\/td>\n<td>78 mm<\/td>\n<td>92 mm&nbsp;<\/td>\n<\/tr>\n<tr>\n<td>\u00dcveg:<\/td>\n<td>4\/16\/4\/16\/4<\/td>\n<td>4\/18\/4\/18\/4<\/td>\n<\/tr>\n<tr>\n<td>Az \u00fcveg h\u0151\u00e1tbocs\u00e1t\u00e1si t\u00e9nyez\u0151je:<\/td>\n<td>Ug 0,7 W\/(m2K)<\/td>\n<td>0,5 W\/(m2K)&nbsp;<\/td>\n<\/tr>\n<tr>\n<td>Az ablak h\u0151\u00e1tbocs\u00e1t\u00e1si t\u00e9nyez\u0151je:<\/td>\n<td>Uw&nbsp; 0,895 W\/(m2K) &nbsp;<\/td>\n<td>0,738 W\/(m2K)<\/td>\n<\/tr>\n<\/tbody>\n<\/table>\n<p>\n\t\t\t<\/div>\n\t<\/div>\n\t<\/div>\n\t<div class=\"ult-overlay-close\">Close<\/div>\n<\/div><div class=\"ult-modal-input-wrapper ult-adjust-bottom-margin\"><span style=\"color:#9b9b9b;cursor:pointer;\" data-class-id=\"content-69ef1c9141cd7\" class=\"overlay-show ult-align-center\" data-overlay-class=\"overlay-zoomin\">Soft Line<\/span><\/div>\n<div class=\"ult-overlay content-69ef1c9141cd7 \" data-class=\"content-69ef1c9141cd7\" id=\"button-click-overlay\" style=\"background:rgba(255,255,255,0.8); display:none;\">\n\t<div class=\"ult_modal ult-fade ult-medium\">\n\t\t<div class=\"ult_modal-content\" style=\"\">\n\t\t\t<div class=\"ult_modal-header\" style=\"color:#333333;\">\n\t\t\t\t<h3 class=\"ult_modal-title\">Soft line <\/h3>\n\t\t\t<\/div>\n\t\t\t<div class=\"ult_modal-body ult-html\" style=\"\">\n\t\t\t<img loading=\"lazy\" class=\"size-full wp-image-2251 alignleft\" src=\"https:\/\/agh.sk\/wp-content\/uploads\/2018\/02\/Soft-Line7.1.jpg\" alt=\"\" width=\"591\" height=\"591\"><strong>Soft Line<\/strong><\/p>\n<p>A Soft Line-t szokatlan k\u00fclalak jellemzi. Ezt az AL profilok lekerek\u00edtett form\u00e1i okozz\u00e1k. Egy nagyon eleg\u00e1ns \u00e9s funkcion\u00e1lis megold\u00e1sr\u00f3l van sz\u00f3. A rendszer kiv\u00e1l\u00f3 mechanikai, szigetel\u0151 \u00e9s akusztikus eredm\u00e9nyeket produk\u00e1l. A Soft Line rendszerprofilok pr\u00e9selt vagy hegesztett keretk\u00e9nt is kaphat\u00f3k. L\u00e9tjogosults\u00e1guk van minden\u00fctt, ahol illenek az objektum \u00f6sszkompoz\u00edci\u00f3j\u00e1hoz.<\/p>\n<table>\n<tbody>\n<tr>\n<td><b>M\u0171szaki param\u00e9terek:<\/b><\/td>\n<td>&nbsp;<\/td>\n<td>&nbsp;<\/td>\n<\/tr>\n<tr>\n<td>Profilok:<\/td>\n<td>78 mm<\/td>\n<td>92 mm&nbsp;<\/td>\n<\/tr>\n<tr>\n<td>\u00dcveg:<\/td>\n<td>4\/16\/4\/16\/4<\/td>\n<td>4\/18\/4\/18\/4<\/td>\n<\/tr>\n<tr>\n<td>Az \u00fcveg h\u0151\u00e1tbocs\u00e1t\u00e1si t\u00e9nyez\u0151je:<\/td>\n<td>Ug 0,7 W\/(m2K)<\/td>\n<td>0,5 W\/(m2K)&nbsp;<\/td>\n<\/tr>\n<tr>\n<td>Az ablak h\u0151\u00e1tbocs\u00e1t\u00e1si t\u00e9nyez\u0151je:<\/td>\n<td>Uw&nbsp; 0,895 W\/(m2K) &nbsp;<\/td>\n<td>0,738 W\/(m2K)<\/td>\n<\/tr>\n<\/tbody>\n<\/table>\n<p>\n\t\t\t<\/div>\n\t<\/div>\n\t<\/div>\n\t<div class=\"ult-overlay-close\">Close<\/div>\n<\/div>[\/vc_column_inner][vc_column_inner width=&#8221;1\/4&#8243;]<div class=\"ult-modal-input-wrapper ult-adjust-bottom-margin\"><img src=\"https:\/\/agh.sk\/wp-content\/uploads\/2018\/02\/Linear3.jpg\" data-class-id=\"content-69ef1c9141d30\" class=\"ult-modal-img overlay-show ult-align-center ult-modal-image-\" data-overlay-class=\"overlay-zoomin\"\/><\/div>\n<div class=\"ult-overlay content-69ef1c9141d30 \" data-class=\"content-69ef1c9141d30\" id=\"button-click-overlay\" style=\"background:rgba(255,255,255,0.8); display:none;\">\n\t<div class=\"ult_modal ult-fade ult-medium\">\n\t\t<div class=\"ult_modal-content\" style=\"\">\n\t\t\t<div class=\"ult_modal-header\" style=\"color:#333333;\">\n\t\t\t\t<h3 class=\"ult_modal-title\">Linear<\/h3>\n\t\t\t<\/div>\n\t\t\t<div class=\"ult_modal-body ult-html\" style=\"\">\n\t\t\t<img loading=\"lazy\" class=\"size-full wp-image-2251 alignleft\" src=\"https:\/\/agh.sk\/wp-content\/uploads\/2018\/02\/Linear3.jpg\" alt=\"\" width=\"591\" height=\"591\"><strong>Linear<\/strong><\/p>\n<p>Linear egy olyan rendszer, amelyben a keret \u00e9s a sz\u00e1rny k\u00fcls\u0151 sz\u00e9le falba s\u00fcllyesztett. A Linearnak \u00e9le van. A t\u00f6bbi rendszerhez hasonl\u00f3an a Linear rendszert is az \u00e1tlagon fel\u00fcli teljes\u00edtm\u00e9nyparam\u00e9terek \u00e9s funkcionalit\u00e1s jellemzi. Jellemz\u0151en modern \u00e9p\u00fcletek koncepci\u00f3j\u00e1hoz k\u00edn\u00e1l megold\u00e1st. Ezt a rendszert ablakokhoz, ajt\u00f3khoz, homlokzati elemekhez \u00e9s t\u00e9likertekhez lehet felhaszn\u00e1lni.<\/p>\n<table>\n<tbody>\n<tr>\n<td><b>M\u0171szaki param\u00e9terek:<\/b><\/td>\n<td>&nbsp;<\/td>\n<td>&nbsp;<\/td>\n<\/tr>\n<tr>\n<td>Profilok:<\/td>\n<td>78 mm<\/td>\n<td>92 mm&nbsp;<\/td>\n<\/tr>\n<tr>\n<td>\u00dcveg:<\/td>\n<td>4\/16\/4\/16\/4<\/td>\n<td>4\/18\/4\/18\/4<\/td>\n<\/tr>\n<tr>\n<td>Az \u00fcveg h\u0151\u00e1tbocs\u00e1t\u00e1si t\u00e9nyez\u0151je:<\/td>\n<td>Ug 0,7 W\/(m2K)<\/td>\n<td>0,5 W\/(m2K)&nbsp;<\/td>\n<\/tr>\n<tr>\n<td>Az ablak h\u0151\u00e1tbocs\u00e1t\u00e1si t\u00e9nyez\u0151je:<\/td>\n<td>Uw 0,886 W\/(m2K)<\/td>\n<td>0,731 W\/(m2K)<\/td>\n<\/tr>\n<\/tbody>\n<\/table>\n<p>\n\t\t\t<\/div>\n\t<\/div>\n\t<\/div>\n\t<div class=\"ult-overlay-close\">Close<\/div>\n<\/div><div class=\"ult-modal-input-wrapper ult-adjust-bottom-margin\"><span style=\"color:#9b9b9b;cursor:pointer;\" data-class-id=\"content-69ef1c91420c4\" class=\"overlay-show ult-align-center\" data-overlay-class=\"overlay-zoomin\">Linear<\/span><\/div>\n<div class=\"ult-overlay content-69ef1c91420c4 \" data-class=\"content-69ef1c91420c4\" id=\"button-click-overlay\" style=\"background:rgba(255,255,255,0.8); display:none;\">\n\t<div class=\"ult_modal ult-fade ult-medium\">\n\t\t<div class=\"ult_modal-content\" style=\"\">\n\t\t\t<div class=\"ult_modal-header\" style=\"color:#333333;\">\n\t\t\t\t<h3 class=\"ult_modal-title\">Linear<\/h3>\n\t\t\t<\/div>\n\t\t\t<div class=\"ult_modal-body ult-html\" style=\"\">\n\t\t\t<img loading=\"lazy\" class=\"size-full wp-image-2251 alignleft\" src=\"https:\/\/agh.sk\/wp-content\/uploads\/2018\/02\/Linear3.jpg\" alt=\"\" width=\"591\" height=\"591\"><strong>Linear<\/strong><\/p>\n<p>Linear egy olyan rendszer, amelyben a keret \u00e9s a sz\u00e1rny k\u00fcls\u0151 sz\u00e9le falba s\u00fcllyesztett. A Linearnak \u00e9le van. A t\u00f6bbi rendszerhez hasonl\u00f3an a Linear rendszert is az \u00e1tlagon fel\u00fcli teljes\u00edtm\u00e9nyparam\u00e9terek \u00e9s funkcionalit\u00e1s jellemzi. Jellemz\u0151en modern \u00e9p\u00fcletek koncepci\u00f3j\u00e1hoz k\u00edn\u00e1l megold\u00e1st. Ezt a rendszert ablakokhoz, ajt\u00f3khoz, homlokzati elemekhez \u00e9s t\u00e9likertekhez lehet felhaszn\u00e1lni.<\/p>\n<table>\n<tbody>\n<tr>\n<td><b>M\u0171szaki param\u00e9terek:<\/b><\/td>\n<td>&nbsp;<\/td>\n<td>&nbsp;<\/td>\n<\/tr>\n<tr>\n<td>Profilok:<\/td>\n<td>78 mm<\/td>\n<td>92 mm&nbsp;<\/td>\n<\/tr>\n<tr>\n<td>\u00dcveg:<\/td>\n<td>4\/16\/4\/16\/4<\/td>\n<td>4\/18\/4\/18\/4<\/td>\n<\/tr>\n<tr>\n<td>Az \u00fcveg h\u0151\u00e1tbocs\u00e1t\u00e1si t\u00e9nyez\u0151je:<\/td>\n<td>Ug 0,7 W\/(m2K)<\/td>\n<td>0,5 W\/(m2K)&nbsp;<\/td>\n<\/tr>\n<tr>\n<td>Az ablak h\u0151\u00e1tbocs\u00e1t\u00e1si t\u00e9nyez\u0151je:<\/td>\n<td>Uw 0,886 W\/(m2K)<\/td>\n<td>0,731 W\/(m2K)<\/td>\n<\/tr>\n<\/tbody>\n<\/table>\n<p>\n\t\t\t<\/div>\n\t<\/div>\n\t<\/div>\n\t<div class=\"ult-overlay-close\">Close<\/div>\n<\/div>[\/vc_column_inner][vc_column_inner width=&#8221;1\/4&#8243;]<div class=\"ult-modal-input-wrapper ult-adjust-bottom-margin\"><img src=\"https:\/\/agh.sk\/wp-content\/uploads\/2018\/02\/Quadrat5.jpg\" data-class-id=\"content-69ef1c914211a\" class=\"ult-modal-img overlay-show ult-align-center ult-modal-image-\" data-overlay-class=\"overlay-zoomin\"\/><\/div>\n<div class=\"ult-overlay content-69ef1c914211a \" data-class=\"content-69ef1c914211a\" id=\"button-click-overlay\" style=\"background:rgba(255,255,255,0.8); display:none;\">\n\t<div class=\"ult_modal ult-fade ult-medium\">\n\t\t<div class=\"ult_modal-content\" style=\"\">\n\t\t\t<div class=\"ult_modal-header\" style=\"color:#333333;\">\n\t\t\t\t<h3 class=\"ult_modal-title\">Quadrat <\/h3>\n\t\t\t<\/div>\n\t\t\t<div class=\"ult_modal-body ult-html\" style=\"\">\n\t\t\t<img loading=\"lazy\" class=\"size-full wp-image-2251 alignleft\" src=\"https:\/\/agh.sk\/wp-content\/uploads\/2018\/02\/Quadrat5.jpg\" alt=\"\" width=\"591\" height=\"591\"><strong>Quadrat<\/strong><\/p>\n<p>A Quadrat rendszernek jellemz\u0151en \u00e9les profilsz\u00e9lei vannak. A sz\u00e1rny fel\u00fclete a kerethez k\u00e9pest eltol\u00f3dik, ezzel k\u00e9t j\u00f3l megk\u00fcl\u00f6nb\u00f6ztethet\u0151 fel\u00fcletet hoz l\u00e9tre. M\u00e1s rendszerekt\u0151l minimalista tervez\u00e9s\u00e9vel t\u00e9r el. Ez\u00e9rt alkalmasak modern \u00e9p\u00fcletekre, ahol betont, ac\u00e9lt, alum\u00edniumot \u00e9s \u00fcveget haszn\u00e1lnak. Az egy\u00e9nis\u00e9get hangs\u00falyozza az a t\u00e9ny, hogy a Quadrat rendszer profiljainak nincs lesark\u00edtott pereme, illetve hogy a profilter\u00fcletek der\u00e9ksz\u00f6get z\u00e1rnak be. Haszn\u00e1lhat\u00f3 ablakokn\u00e1l, ajt\u00f3kn\u00e1l, homlokzati elemekn\u00e9l valamint t\u00e9likertek eset\u00e9ben.<\/p>\n<table>\n<tbody>\n<tr>\n<td>M\u0171szaki param\u00e9terek:<\/td>\n<td>&nbsp;<\/td>\n<td>&nbsp;<\/td>\n<\/tr>\n<tr>\n<td>Profilok:<\/td>\n<td>&nbsp;78 mm<\/td>\n<td>&nbsp;92 mm&nbsp;<\/td>\n<\/tr>\n<tr>\n<td>\u00dcveg:<\/td>\n<td>&nbsp;4\/16\/4\/16\/4 &#8211;&nbsp; &nbsp; &nbsp; &nbsp; &nbsp; &nbsp;&nbsp;<\/td>\n<td>&nbsp;4\/18\/4\/18\/4<\/td>\n<\/tr>\n<tr>\n<td>Az \u00dcveg h\u0151\u00e1tbocs\u00e1t\u00e1si t\u00e9nyez\u0151je:<\/td>\n<td>&nbsp;Ug 0,7 W\/(m2K)<\/td>\n<td>&nbsp;0,5 W\/(m2K)&nbsp;<\/td>\n<\/tr>\n<tr>\n<td>Az ablak h\u0151\u00e1tbocs\u00e1t\u00e1si t\u00e9nyez\u0151je:<\/td>\n<td>&nbsp;Uw 0,887 W\/(m2K)&nbsp;&nbsp;<\/td>\n<td>&nbsp;0,731 W\/(m2K)<\/td>\n<\/tr>\n<\/tbody>\n<\/table>\n<p>\n\t\t\t<\/div>\n\t<\/div>\n\t<\/div>\n\t<div class=\"ult-overlay-close\">Close<\/div>\n<\/div><div class=\"ult-modal-input-wrapper ult-adjust-bottom-margin\"><span style=\"color:#9b9b9b;cursor:pointer;\" data-class-id=\"content-69ef1c914243a\" class=\"overlay-show ult-align-center\" data-overlay-class=\"overlay-zoomin\">Quadrat<\/span><\/div>\n<div class=\"ult-overlay content-69ef1c914243a \" data-class=\"content-69ef1c914243a\" id=\"button-click-overlay\" style=\"background:rgba(255,255,255,0.8); display:none;\">\n\t<div class=\"ult_modal ult-fade ult-medium\">\n\t\t<div class=\"ult_modal-content\" style=\"\">\n\t\t\t<div class=\"ult_modal-header\" style=\"color:#333333;\">\n\t\t\t\t<h3 class=\"ult_modal-title\">Quadrat<\/h3>\n\t\t\t<\/div>\n\t\t\t<div class=\"ult_modal-body ult-html\" style=\"\">\n\t\t\t<img loading=\"lazy\" class=\"size-full wp-image-2251 alignleft\" src=\"https:\/\/agh.sk\/wp-content\/uploads\/2018\/02\/Quadrat5.jpg\" alt=\"\" width=\"591\" height=\"591\"><strong>Quadrat<\/strong><\/p>\n<p>A Quadrat rendszernek jellemz\u0151en \u00e9les profilsz\u00e9lei vannak. A sz\u00e1rny fel\u00fclete a kerethez k\u00e9pest eltol\u00f3dik, ezzel k\u00e9t j\u00f3l megk\u00fcl\u00f6nb\u00f6ztethet\u0151 fel\u00fcletet hoz l\u00e9tre. M\u00e1s rendszerekt\u0151l minimalista tervez\u00e9s\u00e9vel t\u00e9r el. Ez\u00e9rt alkalmasak modern \u00e9p\u00fcletekre, ahol betont, ac\u00e9lt, alum\u00edniumot \u00e9s \u00fcveget haszn\u00e1lnak. Az egy\u00e9nis\u00e9get hangs\u00falyozza az a t\u00e9ny, hogy a Quadrat rendszer profiljainak nincs lesark\u00edtott pereme, illetve hogy a profilter\u00fcletek der\u00e9ksz\u00f6get z\u00e1rnak be. Haszn\u00e1lhat\u00f3 ablakokn\u00e1l, ajt\u00f3kn\u00e1l, homlokzati elemekn\u00e9l valamint t\u00e9likertek eset\u00e9ben.<\/p>\n<table>\n<tbody>\n<tr>\n<td>M\u0171szaki param\u00e9terek:<\/td>\n<td>&nbsp;<\/td>\n<td>&nbsp;<\/td>\n<\/tr>\n<tr>\n<td>Profilok:<\/td>\n<td>&nbsp;78 mm<\/td>\n<td>&nbsp;92 mm&nbsp;<\/td>\n<\/tr>\n<tr>\n<td>\u00dcveg:<\/td>\n<td>&nbsp;4\/16\/4\/16\/4 &#8211;&nbsp; &nbsp; &nbsp; &nbsp; &nbsp; &nbsp;&nbsp;<\/td>\n<td>&nbsp;4\/18\/4\/18\/4<\/td>\n<\/tr>\n<tr>\n<td>Az \u00dcveg h\u0151\u00e1tbocs\u00e1t\u00e1si t\u00e9nyez\u0151je:<\/td>\n<td>&nbsp;Ug 0,7 W\/(m2K)<\/td>\n<td>&nbsp;0,5 W\/(m2K)&nbsp;<\/td>\n<\/tr>\n<tr>\n<td>Az ablak h\u0151\u00e1tbocs\u00e1t\u00e1si t\u00e9nyez\u0151je:<\/td>\n<td>&nbsp;Uw 0,887 W\/(m2K)&nbsp;&nbsp;<\/td>\n<td>&nbsp;0,731 W\/(m2K)<\/td>\n<\/tr>\n<\/tbody>\n<\/table>\n<p>\n\t\t\t<\/div>\n\t<\/div>\n\t<\/div>\n\t<div class=\"ult-overlay-close\">Close<\/div>\n<\/div>[\/vc_column_inner][vc_column_inner width=&#8221;1\/4&#8243;]<div class=\"ult-modal-input-wrapper ult-adjust-bottom-margin\"><img src=\"https:\/\/agh.sk\/wp-content\/uploads\/2018\/02\/Integral2.jpg\" data-class-id=\"content-69ef1c914249e\" class=\"ult-modal-img overlay-show ult-align-center ult-modal-image-\" data-overlay-class=\"overlay-zoomin\"\/><\/div>\n<div class=\"ult-overlay content-69ef1c914249e \" data-class=\"content-69ef1c914249e\" id=\"button-click-overlay\" style=\"background:rgba(255,255,255,0.8); display:none;\">\n\t<div class=\"ult_modal ult-fade ult-medium\">\n\t\t<div class=\"ult_modal-content\" style=\"\">\n\t\t\t<div class=\"ult_modal-header\" style=\"color:#333333;\">\n\t\t\t\t<h3 class=\"ult_modal-title\">Integral<\/h3>\n\t\t\t<\/div>\n\t\t\t<div class=\"ult_modal-body ult-html\" style=\"\">\n\t\t\t<img loading=\"lazy\" class=\"size-full wp-image-2251 alignleft\" src=\"https:\/\/agh.sk\/wp-content\/uploads\/2018\/02\/Integral2.jpg\" alt=\"\" width=\"591\" height=\"591\"><strong>Integral<\/strong><\/p>\n<p>Az Integral egy speci\u00e1lis rendszer \u00fan. rejtett sz\u00e1rnnyal. A hat\u00e1s olyan, mintha r\u00f6gz\u00edtett \u00fcvegez\u00e9sr\u00f3l lenne sz\u00f3. Ez egy nagyon mutat\u00f3s forma, amely remek\u00fcl passzol a modern \u00e9p\u00edt\u00e9szethez. A profil \u00e9les sz\u00e9leir\u0151l van sz\u00f3. Egy tov\u00e1bbi alum\u00edniumt\u00f6m\u00edt\u00e9s alkalmaz\u00e1s\u00e1val siker\u00fclt magas szigetel\u00e9si tulajdons\u00e1gokat el\u00e9rni az AL keretben.<\/p>\n<table>\n<tbody>\n<tr>\n<td><b>M\u0171szaki param\u00e9terek:<\/b><\/td>\n<td>&nbsp;<\/td>\n<td>&nbsp;<\/td>\n<\/tr>\n<tr>\n<td>Profilok:<\/td>\n<td>78 mm<\/td>\n<td>92 mm&nbsp;<\/td>\n<\/tr>\n<tr>\n<td>\u00dcveg:<\/td>\n<td>4\/16\/4\/16\/4<\/td>\n<td>4\/18\/4\/18\/4<\/td>\n<\/tr>\n<tr>\n<td>Az \u00dcveg h\u0151\u00e1tbocs\u00e1t\u00e1si t\u00e9nyez\u0151je:<\/td>\n<td>Ug 0,7 W\/(m2K)<\/td>\n<td>0,5 W\/(m2K)&nbsp;<\/td>\n<\/tr>\n<tr>\n<td>Az ablak h\u0151\u00e1tbocs\u00e1t\u00e1si t\u00e9nyez\u0151je:<\/td>\n<td>Uw 0,871 W\/(m2K) &nbsp; &nbsp;<\/td>\n<td>0,717 W\/(m2K)<\/td>\n<\/tr>\n<\/tbody>\n<\/table>\n<p>\n\t\t\t<\/div>\n\t<\/div>\n\t<\/div>\n\t<div class=\"ult-overlay-close\">Close<\/div>\n<\/div><div class=\"ult-modal-input-wrapper ult-adjust-bottom-margin\"><span style=\"color:#9b9b9b;cursor:pointer;\" data-class-id=\"content-69ef1c91427dc\" class=\"overlay-show ult-align-center\" data-overlay-class=\"overlay-zoomin\">Integral<\/span><\/div>\n<div class=\"ult-overlay content-69ef1c91427dc \" data-class=\"content-69ef1c91427dc\" id=\"button-click-overlay\" style=\"background:rgba(255,255,255,0.8); display:none;\">\n\t<div class=\"ult_modal ult-fade ult-medium\">\n\t\t<div class=\"ult_modal-content\" style=\"\">\n\t\t\t<div class=\"ult_modal-header\" style=\"color:#333333;\">\n\t\t\t\t<h3 class=\"ult_modal-title\">Integral<\/h3>\n\t\t\t<\/div>\n\t\t\t<div class=\"ult_modal-body ult-html\" style=\"\">\n\t\t\t<img loading=\"lazy\" class=\"size-full wp-image-2251 alignleft\" src=\"https:\/\/agh.sk\/wp-content\/uploads\/2018\/02\/Integral2.jpg\" alt=\"\" width=\"591\" height=\"591\"><strong>Integral<\/strong><\/p>\n<p>Az Integral egy speci\u00e1lis rendszer \u00fan. rejtett sz\u00e1rnnyal. A hat\u00e1s olyan, mintha r\u00f6gz\u00edtett \u00fcvegez\u00e9sr\u00f3l lenne sz\u00f3. Ez egy nagyon mutat\u00f3s forma, amely remek\u00fcl passzol a modern \u00e9p\u00edt\u00e9szethez. A profil \u00e9les sz\u00e9leir\u0151l van sz\u00f3. Egy tov\u00e1bbi alum\u00edniumt\u00f6m\u00edt\u00e9s alkalmaz\u00e1s\u00e1val siker\u00fclt magas szigetel\u00e9si tulajdons\u00e1gokat el\u00e9rni az AL keretben.<\/p>\n<table>\n<tbody>\n<tr>\n<td><b>M\u0171szaki param\u00e9terek:<\/b><\/td>\n<td>&nbsp;<\/td>\n<td>&nbsp;<\/td>\n<\/tr>\n<tr>\n<td>Profilok:<\/td>\n<td>78 mm<\/td>\n<td>92 mm&nbsp;<\/td>\n<\/tr>\n<tr>\n<td>\u00dcveg:<\/td>\n<td>4\/16\/4\/16\/4<\/td>\n<td>4\/18\/4\/18\/4<\/td>\n<\/tr>\n<tr>\n<td>Az \u00dcveg h\u0151\u00e1tbocs\u00e1t\u00e1si t\u00e9nyez\u0151je:<\/td>\n<td>Ug 0,7 W\/(m2K)<\/td>\n<td>0,5 W\/(m2K)&nbsp;<\/td>\n<\/tr>\n<tr>\n<td>Az ablak h\u0151\u00e1tbocs\u00e1t\u00e1si t\u00e9nyez\u0151je:<\/td>\n<td>Uw 0,871 W\/(m2K) &nbsp; &nbsp;<\/td>\n<td>0,717 W\/(m2K)<\/td>\n<\/tr>\n<\/tbody>\n<\/table>\n<p>\n\t\t\t<\/div>\n\t<\/div>\n\t<\/div>\n\t<div class=\"ult-overlay-close\">Close<\/div>\n<\/div>[\/vc_column_inner][vc_column_inner width=&#8221;1\/4&#8243;]<div class=\"ult-modal-input-wrapper ult-adjust-bottom-margin\"><img src=\"https:\/\/agh.sk\/wp-content\/uploads\/2018\/02\/Passiv4.jpg\" data-class-id=\"content-69ef1c9142830\" class=\"ult-modal-img overlay-show ult-align-center ult-modal-image-\" data-overlay-class=\"overlay-zoomin\"\/><\/div>\n<div class=\"ult-overlay content-69ef1c9142830 \" data-class=\"content-69ef1c9142830\" id=\"button-click-overlay\" style=\"background:rgba(255,255,255,0.8); display:none;\">\n\t<div class=\"ult_modal ult-fade ult-medium\">\n\t\t<div class=\"ult_modal-content\" style=\"\">\n\t\t\t<div class=\"ult_modal-header\" style=\"color:#333333;\">\n\t\t\t\t<h3 class=\"ult_modal-title\">Passiv<\/h3>\n\t\t\t<\/div>\n\t\t\t<div class=\"ult_modal-body ult-html\" style=\"\">\n\t\t\t<img loading=\"lazy\" class=\"size-full wp-image-2251 alignleft\" src=\"https:\/\/agh.sk\/wp-content\/uploads\/2018\/02\/Passiv4.jpg\" alt=\"\" width=\"591\" height=\"591\"><strong>Passiv<\/strong><\/p>\n<p>A Passiv egy fa-alum\u00ednium rendszer ablakszerkezetek sz\u00e1m\u00e1ra, amelyeket passz\u00edv \u00e9p\u00fcletek kivitelez\u00e9s\u00e9hez terveztek. A kiv\u00e1l\u00f3 termikus, infiltr\u00e1ci\u00f3s \u00e9s mechanikai tulajdons\u00e1gai miatt egy\u00e9rtelm\u0171en olyan \u00e9p\u00fcletekhez k\u00e9sz\u00fclt, amelyek nagy energiahat\u00e9konys\u00e1gi ig\u00e9nyekkel rendelkeznek. A Passiv, mint a Passivhaus Institut hiteles\u00edtett r\u00e9sze megfelel az int\u00e9zm\u00e9ny k\u00f6vetelm\u00e9nyeinek a passz\u00edvh\u00e1z jellemz\u0151it illet\u0151en.<\/p>\n<table>\n<tbody>\n<tr>\n<td><b>M\u0171szaki param\u00e9terek:<\/b><\/td>\n<td>&nbsp;<\/td>\n<td>&nbsp;<\/td>\n<\/tr>\n<tr>\n<td>Profilok:<\/td>\n<td>78 mm<\/td>\n<td>92 mm&nbsp;<\/td>\n<\/tr>\n<tr>\n<td>\u00dcveg:<\/td>\n<td>4\/16\/4\/16\/4<\/td>\n<td>4\/18\/4\/18\/4<\/td>\n<\/tr>\n<tr>\n<td>Az \u00fcveg h\u0151\u00e1tbocs\u00e1t\u00e1si t\u00e9nyez\u0151je:<\/td>\n<td>Ug 0,7 W\/(m2K)<\/td>\n<td>0,5 W\/(m2K)&nbsp;<\/td>\n<\/tr>\n<tr>\n<td>Az ablak h\u0151\u00e1tbocs\u00e1t\u00e1si t\u00e9nyez\u0151je:<\/td>\n<td>Uw 0,740 W\/(m2K)&nbsp;<\/td>\n<td>0,740 W\/(m2K)<\/td>\n<\/tr>\n<\/tbody>\n<\/table>\n<p>\n\t\t\t<\/div>\n\t<\/div>\n\t<\/div>\n\t<div class=\"ult-overlay-close\">Close<\/div>\n<\/div><div class=\"ult-modal-input-wrapper ult-adjust-bottom-margin\"><span style=\"color:#9b9b9b;cursor:pointer;\" data-class-id=\"content-69ef1c9142b15\" class=\"overlay-show ult-align-center\" data-overlay-class=\"overlay-zoomin\">Passiv<\/span><\/div>\n<div class=\"ult-overlay content-69ef1c9142b15 \" data-class=\"content-69ef1c9142b15\" id=\"button-click-overlay\" style=\"background:rgba(255,255,255,0.8); display:none;\">\n\t<div class=\"ult_modal ult-fade ult-medium\">\n\t\t<div class=\"ult_modal-content\" style=\"\">\n\t\t\t<div class=\"ult_modal-header\" style=\"color:#333333;\">\n\t\t\t\t<h3 class=\"ult_modal-title\">Passiv<\/h3>\n\t\t\t<\/div>\n\t\t\t<div class=\"ult_modal-body ult-html\" style=\"\">\n\t\t\t<img loading=\"lazy\" class=\"size-full wp-image-2251 alignleft\" src=\"https:\/\/agh.sk\/wp-content\/uploads\/2018\/02\/Passiv4.jpg\" alt=\"\" width=\"591\" height=\"591\"><strong>Passiv<\/strong><\/p>\n<p>Passiv&nbsp;je drevohlin\u00edkov\u00fdm syst\u00e9mom pre okenn\u00e9 kon\u0161trukcie ur\u010den\u00e9 pre implement\u00e1ciu do pas\u00edvnych stavieb. S oh\u013eadom na v\u00fdborn\u00e9 tepeln\u00e9, infiltra\u010dn\u00e9 a mechanick\u00e9 vlastnosti je jednozna\u010dne ur\u010den\u00fd pre stavby s vysok\u00fdm n\u00e1rokom na energetick\u00fa efektivitu. Passiv je certifikovan\u00fd ako komponent Passivhaus Institut, sp\u013a\u0148a po\u017eiadavky tejto in\u0161tit\u00facie na charakteristiku pas\u00edvneho domu.<\/p>\n<table>\n<tbody>\n<tr>\n<td><b>Technick\u00e9&nbsp;parametre :<\/b><\/td>\n<td>&nbsp;<\/td>\n<td>&nbsp;<\/td>\n<\/tr>\n<tr>\n<td>Profily :&nbsp;<\/td>\n<td>78 mm<\/td>\n<td>92 mm&nbsp;<\/td>\n<\/tr>\n<tr>\n<td>Sklenen\u00e1 v\u00fdpl\u0148 :&nbsp; &nbsp; &nbsp; &nbsp; &nbsp; &nbsp; &nbsp; &nbsp; &nbsp; &nbsp; &nbsp; &nbsp; &nbsp;&nbsp;<\/td>\n<td>4\/16\/4\/16\/4 &#8211;&nbsp; &nbsp; &nbsp; &nbsp; &nbsp; &nbsp;&nbsp;<\/td>\n<td>4\/18\/4\/18\/4<\/td>\n<\/tr>\n<tr>\n<td>S\u00fa\u010dinite\u013e prechodu tepla skla : &nbsp;&nbsp;<\/td>\n<td>Ug 0,7 W\/(m2K)<\/td>\n<td>0,5 W\/(m2K)&nbsp;<\/td>\n<\/tr>\n<tr>\n<td>S\u00fa\u010dinite\u013e prechodu tepla okna :&nbsp;&nbsp;<\/td>\n<td>Uw 0,740 W\/(m2K)&nbsp;<\/td>\n<td>0,740 W\/(m2K)<\/td>\n<\/tr>\n<\/tbody>\n<\/table>\n<p>\n\t\t\t<\/div>\n\t<\/div>\n\t<\/div>\n\t<div class=\"ult-overlay-close\">Close<\/div>\n<\/div>[\/vc_column_inner][vc_column_inner width=&#8221;1\/4&#8243;][\/vc_column_inner][\/vc_row_inner][\/vc_column][\/vc_row]<\/p>\n","protected":false},"excerpt":{"rendered":"<p>[vc_row][vc_column][vc_custom_heading text=&#8221;Drevohlin\u00edkov\u00e9 okn\u00e1&#8221; font_container=&#8221;tag:h3|font_size:25px|text_align:center&#8221; use_theme_fonts=&#8221;yes&#8221;][vc_row_inner][vc_column_inner width=&#8221;1\/4&#8243;][\/vc_column_inner][vc_column_inner width=&#8221;1\/4&#8243;][\/vc_column_inner][vc_column_inner width=&#8221;1\/4&#8243;][\/vc_column_inner][vc_column_inner width=&#8221;1\/4&#8243;][\/vc_column_inner][vc_column_inner width=&#8221;1\/4&#8243;][\/vc_column_inner][vc_column_inner width=&#8221;1\/4&#8243;][\/vc_column_inner][vc_column_inner width=&#8221;1\/4&#8243;][\/vc_column_inner][vc_column_inner width=&#8221;1\/4&#8243;][\/vc_column_inner][\/vc_row_inner][\/vc_column][\/vc_row]<\/p>\n","protected":false},"author":1,"featured_media":0,"parent":4126,"menu_order":0,"comment_status":"closed","ping_status":"closed","template":"","meta":{"_exactmetrics_skip_tracking":false,"_exactmetrics_sitenote_active":false,"_exactmetrics_sitenote_note":"","_exactmetrics_sitenote_category":0,"ngg_post_thumbnail":0},"yoast_head":"<!-- This site is optimized with the Yoast SEO plugin v19.5.1 - https:\/\/yoast.com\/wordpress\/plugins\/seo\/ -->\n<title>Fa-alum\u00ednium ablakok - Juraj \u00c1gh - \u00c1GH STOL\u00c1RSTVO<\/title>\n<meta name=\"robots\" content=\"index, follow, max-snippet:-1, max-image-preview:large, max-video-preview:-1\" \/>\n<link rel=\"canonical\" href=\"https:\/\/agh.sk\/hu\/drevohlinikove-okna\/\" \/>\n<meta property=\"og:locale\" content=\"hu_HU\" \/>\n<meta property=\"og:type\" content=\"article\" \/>\n<meta property=\"og:title\" content=\"Fa-alum\u00ednium ablakok - Juraj \u00c1gh - \u00c1GH STOL\u00c1RSTVO\" \/>\n<meta property=\"og:description\" content=\"[vc_row][vc_column][vc_custom_heading text=&#8221;Drevohlin\u00edkov\u00e9 okn\u00e1&#8221; font_container=&#8221;tag:h3|font_size:25px|text_align:center&#8221; use_theme_fonts=&#8221;yes&#8221;][vc_row_inner][vc_column_inner width=&#8221;1\/4&#8243;][\/vc_column_inner][vc_column_inner width=&#8221;1\/4&#8243;][\/vc_column_inner][vc_column_inner width=&#8221;1\/4&#8243;][\/vc_column_inner][vc_column_inner width=&#8221;1\/4&#8243;][\/vc_column_inner][vc_column_inner width=&#8221;1\/4&#8243;][\/vc_column_inner][vc_column_inner width=&#8221;1\/4&#8243;][\/vc_column_inner][vc_column_inner width=&#8221;1\/4&#8243;][\/vc_column_inner][vc_column_inner width=&#8221;1\/4&#8243;][\/vc_column_inner][\/vc_row_inner][\/vc_column][\/vc_row]\" \/>\n<meta property=\"og:url\" content=\"https:\/\/agh.sk\/hu\/drevohlinikove-okna\/\" \/>\n<meta property=\"og:site_name\" content=\"Juraj \u00c1gh - \u00c1GH STOL\u00c1RSTVO\" \/>\n<meta property=\"article:publisher\" content=\"https:\/\/www.facebook.com\/GH-okn-a-dvere-sro-745662738825627\/\" \/>\n<meta property=\"article:modified_time\" content=\"2018-05-15T14:44:48+00:00\" \/>\n<meta property=\"og:image\" content=\"https:\/\/agh.sk\/wp-content\/uploads\/2018\/02\/Classic1.jpg\" \/>\n<meta name=\"twitter:card\" content=\"summary_large_image\" \/>\n<meta name=\"twitter:label1\" content=\"Becs\u00fclt olvas\u00e1si id\u0151\" \/>\n\t<meta name=\"twitter:data1\" content=\"14 perc\" \/>\n<script type=\"application\/ld+json\" class=\"yoast-schema-graph\">{\"@context\":\"https:\/\/schema.org\",\"@graph\":[{\"@type\":\"WebPage\",\"@id\":\"https:\/\/agh.sk\/hu\/drevohlinikove-okna\/\",\"url\":\"https:\/\/agh.sk\/hu\/drevohlinikove-okna\/\",\"name\":\"Fa-alum\u00ednium ablakok - Juraj \u00c1gh - \u00c1GH STOL\u00c1RSTVO\",\"isPartOf\":{\"@id\":\"https:\/\/agh.sk\/#website\"},\"datePublished\":\"2017-10-06T07:02:54+00:00\",\"dateModified\":\"2018-05-15T14:44:48+00:00\",\"breadcrumb\":{\"@id\":\"https:\/\/agh.sk\/hu\/drevohlinikove-okna\/#breadcrumb\"},\"inLanguage\":\"hu\",\"potentialAction\":[{\"@type\":\"ReadAction\",\"target\":[\"https:\/\/agh.sk\/hu\/drevohlinikove-okna\/\"]}]},{\"@type\":\"BreadcrumbList\",\"@id\":\"https:\/\/agh.sk\/hu\/drevohlinikove-okna\/#breadcrumb\",\"itemListElement\":[{\"@type\":\"ListItem\",\"position\":1,\"name\":\"Domov\",\"item\":\"https:\/\/agh.sk\/hu\/domov\/\"},{\"@type\":\"ListItem\",\"position\":2,\"name\":\"M\u00e9retre gy\u00e1rtott ablakok\",\"item\":\"https:\/\/agh.sk\/hu\/okna-na-mieru\/\"},{\"@type\":\"ListItem\",\"position\":3,\"name\":\"Fa-alum\u00ednium ablakok\"}]},{\"@type\":\"WebSite\",\"@id\":\"https:\/\/agh.sk\/#website\",\"url\":\"https:\/\/agh.sk\/\",\"name\":\"Juraj \u00c1gh - \u00c1GH STOL\u00c1RSTVO\",\"description\":\"Okn\u00e1 a dvere\",\"potentialAction\":[{\"@type\":\"SearchAction\",\"target\":{\"@type\":\"EntryPoint\",\"urlTemplate\":\"https:\/\/agh.sk\/?s={search_term_string}\"},\"query-input\":\"required name=search_term_string\"}],\"inLanguage\":\"hu\"}]}<\/script>\n<!-- \/ Yoast SEO plugin. -->","yoast_head_json":{"title":"Fa-alum\u00ednium ablakok - Juraj \u00c1gh - \u00c1GH STOL\u00c1RSTVO","robots":{"index":"index","follow":"follow","max-snippet":"max-snippet:-1","max-image-preview":"max-image-preview:large","max-video-preview":"max-video-preview:-1"},"canonical":"https:\/\/agh.sk\/hu\/drevohlinikove-okna\/","og_locale":"hu_HU","og_type":"article","og_title":"Fa-alum\u00ednium ablakok - Juraj \u00c1gh - \u00c1GH STOL\u00c1RSTVO","og_description":"[vc_row][vc_column][vc_custom_heading text=&#8221;Drevohlin\u00edkov\u00e9 okn\u00e1&#8221; font_container=&#8221;tag:h3|font_size:25px|text_align:center&#8221; use_theme_fonts=&#8221;yes&#8221;][vc_row_inner][vc_column_inner width=&#8221;1\/4&#8243;][\/vc_column_inner][vc_column_inner width=&#8221;1\/4&#8243;][\/vc_column_inner][vc_column_inner width=&#8221;1\/4&#8243;][\/vc_column_inner][vc_column_inner width=&#8221;1\/4&#8243;][\/vc_column_inner][vc_column_inner width=&#8221;1\/4&#8243;][\/vc_column_inner][vc_column_inner width=&#8221;1\/4&#8243;][\/vc_column_inner][vc_column_inner width=&#8221;1\/4&#8243;][\/vc_column_inner][vc_column_inner width=&#8221;1\/4&#8243;][\/vc_column_inner][\/vc_row_inner][\/vc_column][\/vc_row]","og_url":"https:\/\/agh.sk\/hu\/drevohlinikove-okna\/","og_site_name":"Juraj \u00c1gh - \u00c1GH STOL\u00c1RSTVO","article_publisher":"https:\/\/www.facebook.com\/GH-okn-a-dvere-sro-745662738825627\/","article_modified_time":"2018-05-15T14:44:48+00:00","og_image":[{"url":"https:\/\/agh.sk\/wp-content\/uploads\/2018\/02\/Classic1.jpg"}],"twitter_card":"summary_large_image","twitter_misc":{"Becs\u00fclt olvas\u00e1si id\u0151":"14 perc"},"schema":{"@context":"https:\/\/schema.org","@graph":[{"@type":"WebPage","@id":"https:\/\/agh.sk\/hu\/drevohlinikove-okna\/","url":"https:\/\/agh.sk\/hu\/drevohlinikove-okna\/","name":"Fa-alum\u00ednium ablakok - Juraj \u00c1gh - \u00c1GH STOL\u00c1RSTVO","isPartOf":{"@id":"https:\/\/agh.sk\/#website"},"datePublished":"2017-10-06T07:02:54+00:00","dateModified":"2018-05-15T14:44:48+00:00","breadcrumb":{"@id":"https:\/\/agh.sk\/hu\/drevohlinikove-okna\/#breadcrumb"},"inLanguage":"hu","potentialAction":[{"@type":"ReadAction","target":["https:\/\/agh.sk\/hu\/drevohlinikove-okna\/"]}]},{"@type":"BreadcrumbList","@id":"https:\/\/agh.sk\/hu\/drevohlinikove-okna\/#breadcrumb","itemListElement":[{"@type":"ListItem","position":1,"name":"Domov","item":"https:\/\/agh.sk\/hu\/domov\/"},{"@type":"ListItem","position":2,"name":"M\u00e9retre gy\u00e1rtott ablakok","item":"https:\/\/agh.sk\/hu\/okna-na-mieru\/"},{"@type":"ListItem","position":3,"name":"Fa-alum\u00ednium ablakok"}]},{"@type":"WebSite","@id":"https:\/\/agh.sk\/#website","url":"https:\/\/agh.sk\/","name":"Juraj \u00c1gh - \u00c1GH STOL\u00c1RSTVO","description":"Okn\u00e1 a dvere","potentialAction":[{"@type":"SearchAction","target":{"@type":"EntryPoint","urlTemplate":"https:\/\/agh.sk\/?s={search_term_string}"},"query-input":"required name=search_term_string"}],"inLanguage":"hu"}]}},"_links":{"self":[{"href":"https:\/\/agh.sk\/hu\/wp-json\/wp\/v2\/pages\/4133"}],"collection":[{"href":"https:\/\/agh.sk\/hu\/wp-json\/wp\/v2\/pages"}],"about":[{"href":"https:\/\/agh.sk\/hu\/wp-json\/wp\/v2\/types\/page"}],"author":[{"embeddable":true,"href":"https:\/\/agh.sk\/hu\/wp-json\/wp\/v2\/users\/1"}],"replies":[{"embeddable":true,"href":"https:\/\/agh.sk\/hu\/wp-json\/wp\/v2\/comments?post=4133"}],"version-history":[{"count":3,"href":"https:\/\/agh.sk\/hu\/wp-json\/wp\/v2\/pages\/4133\/revisions"}],"predecessor-version":[{"id":4136,"href":"https:\/\/agh.sk\/hu\/wp-json\/wp\/v2\/pages\/4133\/revisions\/4136"}],"up":[{"embeddable":true,"href":"https:\/\/agh.sk\/hu\/wp-json\/wp\/v2\/pages\/4126"}],"wp:attachment":[{"href":"https:\/\/agh.sk\/hu\/wp-json\/wp\/v2\/media?parent=4133"}],"curies":[{"name":"wp","href":"https:\/\/api.w.org\/{rel}","templated":true}]}}