{"id":4129,"date":"2017-10-06T08:42:36","date_gmt":"2017-10-06T06:42:36","guid":{"rendered":"https:\/\/agh.sk\/customization2\/drevene-okna\/"},"modified":"2018-05-15T15:40:27","modified_gmt":"2018-05-15T13:40:27","slug":"drevene-okna","status":"publish","type":"page","link":"https:\/\/agh.sk\/hu\/drevene-okna","title":{"rendered":"Fa ablakok"},"content":{"rendered":"<p>[vc_row][vc_column]<div  id=\"sc_promo_216519534\" \n\tclass=\"sc_promo sc_promo_default sc_promo_size_large sc_promo_no_paddings sc_promo_no_image\"><div class=\"sc_promo_text\" style=\"width: 100%;\">\n\t\t\t<div class=\"sc_promo_text_inner\" style=\"\"><h2 class=\"sc_item_title sc_promo_title sc_align_center sc_item_title_style_default\">M\u00e9retre gy\u00e1rtott fa ablakok<\/h2><h6 class=\"sc_item_subtitle sc_promo_subtitle sc_align_center sc_item_title_style_default\">Ablakok, amelyek l\u00e9legeznek<\/h6><div class=\"sc_item_descr sc_promo_descr sc_align_center\">A f\u00e1t \u00e9vsz\u00e1zadok \u00f3ta haszn\u00e1lj\u00e1k \u00fagy, mint az egyik legalkalmasabb nyersanyagot hagyom\u00e1nyos ablakok el\u0151\u00e1ll\u00edt\u00e1s\u00e1hoz. A faablakok kiv\u00e1l\u00f3 h\u0151szigetel\u0151 tulajdons\u00e1gaik \u00e9s stabil jelleg\u00fck miatt ismertek. A fa m\u00e1r els\u0151 pillant\u00e1sra \u00e9s \u00e9rint\u00e9sre is gy\u00f6ny\u00f6r\u0171 anyag. Csal\u00e1di v\u00e1llalkoz\u00e1sunkban a legkiv\u00e1l\u00f3bb min\u0151s\u00e9g\u0171, eredeti mint\u00e1zattal rendelkez\u0151 faanyag kiv\u00e1laszt\u00e1s\u00e1ra \u00f6sszpontos\u00edtunk. Ablakaink massz\u00edv t\u00f6lgyb\u0151l,lucfeny\u0151b\u0151l vagy ellen\u00e1ll\u00f3 erdeifeny\u0151b\u0151l, m\u00e1s n\u00e9ven borovi feny\u0151b\u0151l k\u00e9sz\u00fclnek. A f\u00e1b\u00f3l k\u00e9sz\u00fclt ablakok jelent\u0151sen megtakar\u00edtj\u00e1k a f\u0171t\u00e9si k\u00f6lts\u00e9geket, \u00e9s j\u00f3 zajv\u00e9delmet biztos\u00edtanak. Minden f\u00e1b\u00f3l k\u00e9sz\u00fclt ablak egyed\u00fcl\u00e1ll\u00f3 \u00e9s eredeti alkot\u00e1s, amely otthonos hangulatot \u00e9s id\u0151tlens\u00e9get biztos\u00edt lakhelye sz\u00e1m\u00e1ra.<\/div><div class=\"sc_promo_content sc_item_content\">[vc_column_text]<\/p>\n<p style=\"text-align: center;\"><em>A tisztess\u00e9ges mestermunk\u00e1val k\u00e9sz\u00edtett fa ablakok a legjobb befektet\u00e9st jelentik \u00e9letmin\u0151s\u00e9g\u00e9nek jav\u00edt\u00e1s\u00e1hoz.<\/em><\/p>\n<p>[\/vc_column_text][vc_empty_space height=&#8221;&#8221; alter_height=&#8221;small&#8221; hide_on_mobile=&#8221;&#8221;][vc_row_inner][vc_column_inner width=&#8221;1\/2&#8243;][vc_column_text]<\/p>\n<ul class=\"trx_addons_list trx_addons_list_dot\">\n<li>Egyedi, m\u00e9retre gy\u00e1rtott f\u00e1b\u00f3l k\u00e9sz\u00fclt ablakaink megmunk\u00e1l\u00e1sa sor\u00e1n k\u00fcl\u00f6n\u00f6s hangs\u00falyt fektet\u00fcnk a t\u00f6k\u00e9letes kivitelez\u00e9sre, illetve minden apr\u00f3 r\u00e9szletre. A szil\u00e1rd \u00e9s tart\u00f3s konstrukci\u00f3 ellen\u00e1ll az id\u0151nek, valamint az id\u0151j\u00e1r\u00e1s viszontags\u00e1gainak.<\/li>\n<li>A faablakok hossz\u00fa \u00e9lettartam\u00faak \u00e9s az egyes profilok vari\u00e1lhat\u00f3s\u00e1ga v\u00e9gtelen.A m\u00e9retre gy\u00e1rtott, f\u00e1b\u00f3l k\u00e9sz\u00fclt ablakok az \u00fcgyfelek egyedi ig\u00e9nyeihez igaz\u00edthat\u00f3k.<\/li>\n<\/ul>\n<p>[\/vc_column_text][\/vc_column_inner][vc_column_inner width=&#8221;1\/2&#8243;][vc_column_text]<\/p>\n<ul class=\"trx_addons_list trx_addons_list_dot\">\n<li>A faablakokat k\u00f6nny\u0171 jav\u00edtani, j\u00f3l alkalmazkodnak a v\u00e1ltoz\u00f3 szabv\u00e1nyokhoz vagy az adott \u00e9p\u00fclet \/ l\u00e9tes\u00edtm\u00e9ny st\u00edlus\u00e1hoz. A felsz\u00edni k\u00e1rosod\u00e1sok mechanikai, vagy k\u00e9miai beavatkoz\u00e1ssal k\u00f6nnyen elt\u00e1vol\u00edthat\u00f3k.<\/li>\n<li>Fest\u00e9ssel, glaz\u00farral \u00e9s sz\u00ednes lakkok alkalmaz\u00e1s\u00e1val teljesen \u00e1t lehet alak\u00edtani az ablakok \u00e1ltal\u00e1nos megjelen\u00e9s\u00e9t. Alkalmaz\u00e1suk manaps\u00e1g nem t\u00fal k\u00f6lts\u00e9ges, ugyanakkor viszonylag gyors folyamat. A f\u00e1b\u00f3l k\u00e9sz\u00fclt ablakok tart\u00f3s \u00e9p\u00edt\u00e9szeti elemek, amelyeket az id\u0151 m\u00fal\u00e1s\u00e1val folyamatosan fel\u00faj\u00edthat \u00e9s karbantarthat an\u00e9lk\u00fcl, hogy nagy beruh\u00e1z\u00e1sokra kellene sort ker\u00edtenie.<\/li>\n<\/ul>\n<p>[\/vc_column_text][\/vc_column_inner][\/vc_row_inner][vc_separator css=&#8221;.vc_custom_1519037380119{margin-top: 4rem !important;margin-bottom: 1rem !important;}&#8221;]<\/div><\/div>\n\t\t<\/div><!-- \/.sc_promo_text --><\/div><!-- \/.sc_promo -->[vc_custom_heading text=&#8221;Dreven\u00e9 okn\u00e1&#8221; font_container=&#8221;tag:h3|font_size:25|text_align:center&#8221; use_theme_fonts=&#8221;yes&#8221;][vc_row_inner][vc_column_inner width=&#8221;1\/3&#8243;]<div class=\"ult-modal-input-wrapper ult-adjust-bottom-margin\"><img src=\"https:\/\/agh.sk\/wp-content\/uploads\/2018\/01\/Primera-68.jpg\" data-class-id=\"content-69ec7d43c32ad\" class=\"ult-modal-img overlay-show ult-align-center ult-modal-image-\" data-overlay-class=\"overlay-zoomin\"\/><\/div>\n<div class=\"ult-overlay content-69ec7d43c32ad \" data-class=\"content-69ec7d43c32ad\" id=\"button-click-overlay\" style=\"background:rgba(255,255,255,0.8); display:none;\">\n\t<div class=\"ult_modal ult-fade ult-medium\">\n\t\t<div class=\"ult_modal-content\" style=\"\">\n\t\t\t<div class=\"ult_modal-header\" style=\"color:#333333;\">\n\t\t\t\t<h3 class=\"ult_modal-title\">StandWin 68<\/h3>\n\t\t\t<\/div>\n\t\t\t<div class=\"ult_modal-body ult-html\" style=\"\">\n\t\t\t<img loading=\"lazy\" class=\"size-full wp-image-2251 alignleft\" src=\"https:\/\/agh.sk\/wp-content\/uploads\/2018\/01\/Primera-68.jpg\" alt=\"\" width=\"591\" height=\"591\"><\/p>\n<p><strong>StandWin 68:<\/strong><br \/>\nA legk\u00f6lts\u00e9ghat\u00e9konyabb profil a f\u00e1b\u00f3l k\u00e9sz\u00fclt StandWin 68! Ez a modell az elm\u00falt \u00e9vtized legsz\u00e9lesebb k\u00f6rben haszn\u00e1lt ablakt\u00edpusa! Fel\u00faj\u00edt\u00e1sokhoz vagy olyan r\u00e9gebbi \u00e9p\u00fcletekre sz\u00e1nt\u00e1k, amelyek nem t\u00fal energiaig\u00e9nyesek! Az ablak vastags\u00e1ga 68 mm!<\/p>\n<p><strong>M\u0171szaki param\u00e9terek:<\/strong><br \/>\nProfil: 68 mm<br \/>\n\u00dcveg: 4\/16\/4<br \/>\nAz \u00fcveg h\u0151\u00e1tbocs\u00e1t\u00e1si t\u00e9nyez\u0151je: Ug 1,0 W \/ m2K<br \/>\nAz ablak h\u0151\u00e1tbocs\u00e1t\u00e1si t\u00e9nyez\u0151je: Uw 1,3 W \/ m2K\n\t\t\t<\/div>\n\t<\/div>\n\t<\/div>\n\t<div class=\"ult-overlay-close\">Close<\/div>\n<\/div><div class=\"ult-modal-input-wrapper ult-adjust-bottom-margin\"><span style=\"color:#9b9b9b;cursor:pointer;\" data-class-id=\"content-69ec7d43c38f0\" class=\"overlay-show ult-align-center\" data-overlay-class=\"overlay-zoomin\">StandWin 68<\/span><\/div>\n<div class=\"ult-overlay content-69ec7d43c38f0 \" data-class=\"content-69ec7d43c38f0\" id=\"button-click-overlay\" style=\"background:rgba(255,255,255,0.8); display:none;\">\n\t<div class=\"ult_modal ult-fade ult-medium\">\n\t\t<div class=\"ult_modal-content\" style=\"\">\n\t\t\t<div class=\"ult_modal-header\" style=\"color:#333333;\">\n\t\t\t\t<h3 class=\"ult_modal-title\">StandWin 68<\/h3>\n\t\t\t<\/div>\n\t\t\t<div class=\"ult_modal-body ult-html\" style=\"\">\n\t\t\t<img loading=\"lazy\" class=\"size-full wp-image-2251 alignleft\" src=\"https:\/\/agh.sk\/wp-content\/uploads\/2018\/01\/Primera-68.jpg\" alt=\"\" width=\"591\" height=\"591\"><\/p>\n<p><strong>StandWin 68:<\/strong><br \/>\nA legk\u00f6lts\u00e9ghat\u00e9konyabb profil a f\u00e1b\u00f3l k\u00e9sz\u00fclt StandWin 68! Ez a modell az elm\u00falt \u00e9vtized legsz\u00e9lesebb k\u00f6rben haszn\u00e1lt ablakt\u00edpusa! Fel\u00faj\u00edt\u00e1sokhoz vagy olyan r\u00e9gebbi \u00e9p\u00fcletekre sz\u00e1nt\u00e1k, amelyek nem t\u00fal energiaig\u00e9nyesek! Az ablak vastags\u00e1ga 68 mm!<\/p>\n<p><strong>M\u0171szaki param\u00e9terek:<\/strong><br \/>\nProfil: 68 mm<br \/>\n\u00dcveg: 4\/16\/4<br \/>\nAz \u00fcveg h\u0151\u00e1tbocs\u00e1t\u00e1si t\u00e9nyez\u0151je: Ug 1,0 W \/ m2K<br \/>\nAz ablak h\u0151\u00e1tbocs\u00e1t\u00e1si t\u00e9nyez\u0151je: Uw 1,3 W \/ m2K\n\t\t\t<\/div>\n\t<\/div>\n\t<\/div>\n\t<div class=\"ult-overlay-close\">Close<\/div>\n<\/div>[\/vc_column_inner][vc_column_inner width=&#8221;1\/3&#8243;]<div class=\"ult-modal-input-wrapper ult-adjust-bottom-margin\"><img src=\"https:\/\/agh.sk\/wp-content\/uploads\/2018\/01\/Primera-78.jpg\" data-class-id=\"content-69ec7d43c398b\" class=\"ult-modal-img overlay-show ult-align-center ult-modal-image-\" data-overlay-class=\"overlay-zoomin\"\/><\/div>\n<div class=\"ult-overlay content-69ec7d43c398b \" data-class=\"content-69ec7d43c398b\" id=\"button-click-overlay\" style=\"background:rgba(255,255,255,0.8); display:none;\">\n\t<div class=\"ult_modal ult-fade ult-medium\">\n\t\t<div class=\"ult_modal-content\" style=\"\">\n\t\t\t<div class=\"ult_modal-header\" style=\"color:#333333;\">\n\t\t\t\t<h3 class=\"ult_modal-title\">MidWin 78<\/h3>\n\t\t\t<\/div>\n\t\t\t<div class=\"ult_modal-body ult-html\" style=\"\">\n\t\t\t<img loading=\"lazy\" class=\"size-full wp-image-2251 alignleft\" src=\"https:\/\/agh.sk\/wp-content\/uploads\/2018\/01\/Primera-78.jpg\" alt=\"\" width=\"591\" height=\"591\"><\/p>\n<p><strong>MidWin 78: \u00d6sszhangban a term\u00e9szettel!<\/strong><br \/>\nA legmodernebb technol\u00f3gi\u00e1t \u00f6tv\u00f6zi a letisztult megjelen\u00e9ssel. A MidWin78 egy olyan k\u00f6lts\u00e9ghat\u00e9kony profil, amelyet fel\u00faj\u00edt\u00e1sra vagy alacsony energiafelhaszn\u00e1l\u00e1s\u00fa \u00e9p\u00fcletekre terveztek! J\u00f3 h\u0151szigetel\u0151 tulajdons\u00e1gokkal rendelkezik!<\/p>\n<p><strong>M\u0171szaki param\u00e9terek:<\/strong><br \/>\nProfil: 78 mm<br \/>\n\u00dcveg: 4\/12\/4\/12\/4<br \/>\nAz \u00fcveg h\u0151\u00e1tbocs\u00e1t\u00e1si t\u00e9nyez\u0151je: Ug 0,7 W \/ m2K<br \/>\nAz ablak h\u0151\u00e1tbocs\u00e1t\u00e1si t\u00e9nyez\u0151je: Uw 1,1 W \/ m2K\n\t\t\t<\/div>\n\t<\/div>\n\t<\/div>\n\t<div class=\"ult-overlay-close\">Close<\/div>\n<\/div><div class=\"ult-modal-input-wrapper ult-adjust-bottom-margin\"><span style=\"color:#9b9b9b;cursor:pointer;\" data-class-id=\"content-69ec7d43c3e6f\" class=\"overlay-show ult-align-center\" data-overlay-class=\"overlay-zoomin\">MidWin 78<\/span><\/div>\n<div class=\"ult-overlay content-69ec7d43c3e6f \" data-class=\"content-69ec7d43c3e6f\" id=\"button-click-overlay\" style=\"background:rgba(255,255,255,0.8); display:none;\">\n\t<div class=\"ult_modal ult-fade ult-medium\">\n\t\t<div class=\"ult_modal-content\" style=\"\">\n\t\t\t<div class=\"ult_modal-header\" style=\"color:#333333;\">\n\t\t\t\t<h3 class=\"ult_modal-title\">MidWin 78<\/h3>\n\t\t\t<\/div>\n\t\t\t<div class=\"ult_modal-body ult-html\" style=\"\">\n\t\t\t<img loading=\"lazy\" class=\"size-full wp-image-2251 alignleft\" src=\"https:\/\/agh.sk\/wp-content\/uploads\/2018\/01\/Primera-78.jpg\" alt=\"\" width=\"591\" height=\"591\"><\/p>\n<p><strong>MidWin 78: \u00d6sszhangban a term\u00e9szettel!<\/strong><br \/>\nA legmodernebb technol\u00f3gi\u00e1t \u00f6tv\u00f6zi a letisztult megjelen\u00e9ssel. A MidWin78 egy olyan k\u00f6lts\u00e9ghat\u00e9kony profil, amelyet fel\u00faj\u00edt\u00e1sra vagy alacsony energiafelhaszn\u00e1l\u00e1s\u00fa \u00e9p\u00fcletekre terveztek! J\u00f3 h\u0151szigetel\u0151 tulajdons\u00e1gokkal rendelkezik!<\/p>\n<p><strong>M\u0171szaki param\u00e9terek:<\/strong><br \/>\nProfil: 78 mm<br \/>\n\u00dcveg: 4\/12\/4\/12\/4<br \/>\nAz \u00fcveg h\u0151\u00e1tbocs\u00e1t\u00e1si t\u00e9nyez\u0151je: Ug 0,7 W \/ m2K<br \/>\nAz ablak h\u0151\u00e1tbocs\u00e1t\u00e1si t\u00e9nyez\u0151je: Uw 1,1 W \/ m2K\n\t\t\t<\/div>\n\t<\/div>\n\t<\/div>\n\t<div class=\"ult-overlay-close\">Close<\/div>\n<\/div>[\/vc_column_inner][vc_column_inner width=&#8221;1\/3&#8243;]<div class=\"ult-modal-input-wrapper ult-adjust-bottom-margin\"><img src=\"https:\/\/agh.sk\/wp-content\/uploads\/2018\/02\/drevene-okno-high-win.jpg\" data-class-id=\"content-69ec7d43c3f08\" class=\"ult-modal-img overlay-show ult-align-center ult-modal-image-\" data-overlay-class=\"overlay-zoomin\"\/><\/div>\n<div class=\"ult-overlay content-69ec7d43c3f08 \" data-class=\"content-69ec7d43c3f08\" id=\"button-click-overlay\" style=\"background:rgba(255,255,255,0.8); display:none;\">\n\t<div class=\"ult_modal ult-fade ult-medium\">\n\t\t<div class=\"ult_modal-content\" style=\"\">\n\t\t\t<div class=\"ult_modal-header\" style=\"color:#333333;\">\n\t\t\t\t<h3 class=\"ult_modal-title\">HighWin 92<\/h3>\n\t\t\t<\/div>\n\t\t\t<div class=\"ult_modal-body ult-html\" style=\"\">\n\t\t\t<img loading=\"lazy\" class=\"size-full wp-image-2251 alignleft\" src=\"https:\/\/agh.sk\/wp-content\/uploads\/2018\/02\/drevene-okno-high-win.jpg\" alt=\"\" width=\"591\" height=\"591\"><\/p>\n<p><strong>HighWin 92:<\/strong><br \/>\nA HighWin 92 olyan profil, amelyet alacsony energiafelhaszn\u00e1l\u00e1s\u00fa \u00e9p\u00fcletekhez, illetve passz\u00edvh\u00e1zakhoz terveztek. Euroablak, amely a legjobb h\u0151szigetel\u0151 tulajdons\u00e1gokkal rendelkezik, h\u00e1rmas \u00fcvegez\u00e9s felhaszn\u00e1l\u00e1s\u00e1val. Ez egy massz\u00edv profil, amely 92 mm vastags\u00e1ga miatt nagyszer\u0171 h\u0151szigetel\u00e9si tulajdons\u00e1gokkal rendelkezik, illetve nagy fel\u00fcletek \u00fcvegez\u00e9s\u00e9re is alkalmas.<\/p>\n<p><strong>M\u0171szaki param\u00e9terek:<\/strong><br \/>\nProfil: 92 mm<br \/>\n\u00dcveg: 4\/18\/4\/18\/4<br \/>\nAz \u00fcveg h\u0151\u00e1tbocs\u00e1t\u00e1si t\u00e9nyez\u0151je: Ug 0,5 W \/ m2K<br \/>\nAz ablak h\u0151\u00e1tbocs\u00e1t\u00e1si t\u00e9nyez\u0151je: Uw 0,8 W \/ m2K\n\t\t\t<\/div>\n\t<\/div>\n\t<\/div>\n\t<div class=\"ult-overlay-close\">Close<\/div>\n<\/div><div class=\"ult-modal-input-wrapper ult-adjust-bottom-margin\"><span style=\"color:#9b9b9b;cursor:pointer;\" data-class-id=\"content-69ec7d43c443f\" class=\"overlay-show ult-align-center\" data-overlay-class=\"overlay-zoomin\">HighWin 92<\/span><\/div>\n<div class=\"ult-overlay content-69ec7d43c443f \" data-class=\"content-69ec7d43c443f\" id=\"button-click-overlay\" style=\"background:rgba(255,255,255,0.8); display:none;\">\n\t<div class=\"ult_modal ult-fade ult-medium\">\n\t\t<div class=\"ult_modal-content\" style=\"\">\n\t\t\t<div class=\"ult_modal-header\" style=\"color:#333333;\">\n\t\t\t\t<h3 class=\"ult_modal-title\">HighWin 92<\/h3>\n\t\t\t<\/div>\n\t\t\t<div class=\"ult_modal-body ult-html\" style=\"\">\n\t\t\t<img loading=\"lazy\" class=\"size-full wp-image-2251 alignleft\" src=\"https:\/\/agh.sk\/wp-content\/uploads\/2018\/02\/drevene-okno-high-win.jpg\" alt=\"\" width=\"591\" height=\"591\"><\/p>\n<p><strong>HighWin 92:<\/strong><br \/>\nA HighWin 92 olyan profil, amelyet alacsony energiafelhaszn\u00e1l\u00e1s\u00fa \u00e9p\u00fcletekhez, illetve passz\u00edvh\u00e1zakhoz terveztek. Euroablak, amely a legjobb h\u0151szigetel\u0151 tulajdons\u00e1gokkal rendelkezik, h\u00e1rmas \u00fcvegez\u00e9s felhaszn\u00e1l\u00e1s\u00e1val. Ez egy massz\u00edv profil, amely 92 mm vastags\u00e1ga miatt nagyszer\u0171 h\u0151szigetel\u00e9si tulajdons\u00e1gokkal rendelkezik, illetve nagy fel\u00fcletek \u00fcvegez\u00e9s\u00e9re is alkalmas.<\/p>\n<p><strong>M\u0171szaki param\u00e9terek:<\/strong><br \/>\nProfil: 92 mm<br \/>\n\u00dcveg: 4\/18\/4\/18\/4<br \/>\nAz \u00fcveg h\u0151\u00e1tbocs\u00e1t\u00e1si t\u00e9nyez\u0151je: Ug 0,5 W \/ m2K<br \/>\nAz ablak h\u0151\u00e1tbocs\u00e1t\u00e1si t\u00e9nyez\u0151je: Uw 0,8 W \/ m2K\n\t\t\t<\/div>\n\t<\/div>\n\t<\/div>\n\t<div class=\"ult-overlay-close\">Close<\/div>\n<\/div>[\/vc_column_inner][\/vc_row_inner][\/vc_column][\/vc_row]<\/p>\n","protected":false},"excerpt":{"rendered":"<p>[vc_row][vc_column][vc_custom_heading text=&#8221;Dreven\u00e9 okn\u00e1&#8221; font_container=&#8221;tag:h3|font_size:25|text_align:center&#8221; use_theme_fonts=&#8221;yes&#8221;][vc_row_inner][vc_column_inner width=&#8221;1\/3&#8243;][\/vc_column_inner][vc_column_inner width=&#8221;1\/3&#8243;][\/vc_column_inner][vc_column_inner width=&#8221;1\/3&#8243;][\/vc_column_inner][\/vc_row_inner][\/vc_column][\/vc_row]<\/p>\n","protected":false},"author":1,"featured_media":0,"parent":4126,"menu_order":0,"comment_status":"closed","ping_status":"closed","template":"","meta":{"_exactmetrics_skip_tracking":false,"_exactmetrics_sitenote_active":false,"_exactmetrics_sitenote_note":"","_exactmetrics_sitenote_category":0,"ngg_post_thumbnail":0},"yoast_head":"<!-- This site is optimized with the Yoast SEO plugin v19.5.1 - https:\/\/yoast.com\/wordpress\/plugins\/seo\/ -->\n<title>Dreven\u00e9 okn\u00e1 na mieru - Juraj \u00c1gh - \u00c1GH STOLARSTO<\/title>\n<meta name=\"robots\" content=\"index, follow, max-snippet:-1, max-image-preview:large, max-video-preview:-1\" \/>\n<link rel=\"canonical\" href=\"https:\/\/agh.sk\/hu\/drevene-okna\/\" \/>\n<meta property=\"og:locale\" content=\"hu_HU\" \/>\n<meta property=\"og:type\" content=\"article\" \/>\n<meta property=\"og:title\" content=\"Dreven\u00e9 okn\u00e1 na mieru - Juraj \u00c1gh - \u00c1GH STOLARSTO\" \/>\n<meta property=\"og:description\" content=\"[vc_row][vc_column][vc_custom_heading text=&#8221;Dreven\u00e9 okn\u00e1&#8221; font_container=&#8221;tag:h3|font_size:25|text_align:center&#8221; use_theme_fonts=&#8221;yes&#8221;][vc_row_inner][vc_column_inner width=&#8221;1\/3&#8243;][\/vc_column_inner][vc_column_inner width=&#8221;1\/3&#8243;][\/vc_column_inner][vc_column_inner width=&#8221;1\/3&#8243;][\/vc_column_inner][\/vc_row_inner][\/vc_column][\/vc_row]\" \/>\n<meta property=\"og:url\" content=\"https:\/\/agh.sk\/hu\/drevene-okna\/\" \/>\n<meta property=\"og:site_name\" content=\"Juraj \u00c1gh - \u00c1GH STOL\u00c1RSTVO\" \/>\n<meta property=\"article:publisher\" content=\"https:\/\/www.facebook.com\/GH-okn-a-dvere-sro-745662738825627\/\" \/>\n<meta property=\"article:modified_time\" content=\"2018-05-15T13:40:27+00:00\" \/>\n<meta property=\"og:image\" content=\"https:\/\/agh.sk\/wp-content\/uploads\/2018\/01\/Primera-68.jpg\" \/>\n<meta name=\"twitter:card\" content=\"summary_large_image\" \/>\n<meta name=\"twitter:label1\" content=\"Becs\u00fclt olvas\u00e1si id\u0151\" \/>\n\t<meta name=\"twitter:data1\" content=\"6 perc\" \/>\n<script type=\"application\/ld+json\" class=\"yoast-schema-graph\">{\"@context\":\"https:\/\/schema.org\",\"@graph\":[{\"@type\":\"WebPage\",\"@id\":\"https:\/\/agh.sk\/hu\/drevene-okna\/\",\"url\":\"https:\/\/agh.sk\/hu\/drevene-okna\/\",\"name\":\"Dreven\u00e9 okn\u00e1 na mieru - Juraj \u00c1gh - \u00c1GH STOLARSTO\",\"isPartOf\":{\"@id\":\"https:\/\/agh.sk\/#website\"},\"datePublished\":\"2017-10-06T06:42:36+00:00\",\"dateModified\":\"2018-05-15T13:40:27+00:00\",\"breadcrumb\":{\"@id\":\"https:\/\/agh.sk\/hu\/drevene-okna\/#breadcrumb\"},\"inLanguage\":\"hu\",\"potentialAction\":[{\"@type\":\"ReadAction\",\"target\":[\"https:\/\/agh.sk\/hu\/drevene-okna\/\"]}]},{\"@type\":\"BreadcrumbList\",\"@id\":\"https:\/\/agh.sk\/hu\/drevene-okna\/#breadcrumb\",\"itemListElement\":[{\"@type\":\"ListItem\",\"position\":1,\"name\":\"Domov\",\"item\":\"https:\/\/agh.sk\/hu\/domov\/\"},{\"@type\":\"ListItem\",\"position\":2,\"name\":\"M\u00e9retre gy\u00e1rtott ablakok\",\"item\":\"https:\/\/agh.sk\/hu\/okna-na-mieru\/\"},{\"@type\":\"ListItem\",\"position\":3,\"name\":\"Fa ablakok\"}]},{\"@type\":\"WebSite\",\"@id\":\"https:\/\/agh.sk\/#website\",\"url\":\"https:\/\/agh.sk\/\",\"name\":\"Juraj \u00c1gh - \u00c1GH STOL\u00c1RSTVO\",\"description\":\"Okn\u00e1 a dvere\",\"potentialAction\":[{\"@type\":\"SearchAction\",\"target\":{\"@type\":\"EntryPoint\",\"urlTemplate\":\"https:\/\/agh.sk\/?s={search_term_string}\"},\"query-input\":\"required name=search_term_string\"}],\"inLanguage\":\"hu\"}]}<\/script>\n<!-- \/ Yoast SEO plugin. -->","yoast_head_json":{"title":"Dreven\u00e9 okn\u00e1 na mieru - Juraj \u00c1gh - \u00c1GH STOLARSTO","robots":{"index":"index","follow":"follow","max-snippet":"max-snippet:-1","max-image-preview":"max-image-preview:large","max-video-preview":"max-video-preview:-1"},"canonical":"https:\/\/agh.sk\/hu\/drevene-okna\/","og_locale":"hu_HU","og_type":"article","og_title":"Dreven\u00e9 okn\u00e1 na mieru - Juraj \u00c1gh - \u00c1GH STOLARSTO","og_description":"[vc_row][vc_column][vc_custom_heading text=&#8221;Dreven\u00e9 okn\u00e1&#8221; font_container=&#8221;tag:h3|font_size:25|text_align:center&#8221; use_theme_fonts=&#8221;yes&#8221;][vc_row_inner][vc_column_inner width=&#8221;1\/3&#8243;][\/vc_column_inner][vc_column_inner width=&#8221;1\/3&#8243;][\/vc_column_inner][vc_column_inner width=&#8221;1\/3&#8243;][\/vc_column_inner][\/vc_row_inner][\/vc_column][\/vc_row]","og_url":"https:\/\/agh.sk\/hu\/drevene-okna\/","og_site_name":"Juraj \u00c1gh - \u00c1GH STOL\u00c1RSTVO","article_publisher":"https:\/\/www.facebook.com\/GH-okn-a-dvere-sro-745662738825627\/","article_modified_time":"2018-05-15T13:40:27+00:00","og_image":[{"url":"https:\/\/agh.sk\/wp-content\/uploads\/2018\/01\/Primera-68.jpg"}],"twitter_card":"summary_large_image","twitter_misc":{"Becs\u00fclt olvas\u00e1si id\u0151":"6 perc"},"schema":{"@context":"https:\/\/schema.org","@graph":[{"@type":"WebPage","@id":"https:\/\/agh.sk\/hu\/drevene-okna\/","url":"https:\/\/agh.sk\/hu\/drevene-okna\/","name":"Dreven\u00e9 okn\u00e1 na mieru - Juraj \u00c1gh - \u00c1GH STOLARSTO","isPartOf":{"@id":"https:\/\/agh.sk\/#website"},"datePublished":"2017-10-06T06:42:36+00:00","dateModified":"2018-05-15T13:40:27+00:00","breadcrumb":{"@id":"https:\/\/agh.sk\/hu\/drevene-okna\/#breadcrumb"},"inLanguage":"hu","potentialAction":[{"@type":"ReadAction","target":["https:\/\/agh.sk\/hu\/drevene-okna\/"]}]},{"@type":"BreadcrumbList","@id":"https:\/\/agh.sk\/hu\/drevene-okna\/#breadcrumb","itemListElement":[{"@type":"ListItem","position":1,"name":"Domov","item":"https:\/\/agh.sk\/hu\/domov\/"},{"@type":"ListItem","position":2,"name":"M\u00e9retre gy\u00e1rtott ablakok","item":"https:\/\/agh.sk\/hu\/okna-na-mieru\/"},{"@type":"ListItem","position":3,"name":"Fa ablakok"}]},{"@type":"WebSite","@id":"https:\/\/agh.sk\/#website","url":"https:\/\/agh.sk\/","name":"Juraj \u00c1gh - \u00c1GH STOL\u00c1RSTVO","description":"Okn\u00e1 a dvere","potentialAction":[{"@type":"SearchAction","target":{"@type":"EntryPoint","urlTemplate":"https:\/\/agh.sk\/?s={search_term_string}"},"query-input":"required name=search_term_string"}],"inLanguage":"hu"}]}},"_links":{"self":[{"href":"https:\/\/agh.sk\/hu\/wp-json\/wp\/v2\/pages\/4129"}],"collection":[{"href":"https:\/\/agh.sk\/hu\/wp-json\/wp\/v2\/pages"}],"about":[{"href":"https:\/\/agh.sk\/hu\/wp-json\/wp\/v2\/types\/page"}],"author":[{"embeddable":true,"href":"https:\/\/agh.sk\/hu\/wp-json\/wp\/v2\/users\/1"}],"replies":[{"embeddable":true,"href":"https:\/\/agh.sk\/hu\/wp-json\/wp\/v2\/comments?post=4129"}],"version-history":[{"count":3,"href":"https:\/\/agh.sk\/hu\/wp-json\/wp\/v2\/pages\/4129\/revisions"}],"predecessor-version":[{"id":4132,"href":"https:\/\/agh.sk\/hu\/wp-json\/wp\/v2\/pages\/4129\/revisions\/4132"}],"up":[{"embeddable":true,"href":"https:\/\/agh.sk\/hu\/wp-json\/wp\/v2\/pages\/4126"}],"wp:attachment":[{"href":"https:\/\/agh.sk\/hu\/wp-json\/wp\/v2\/media?parent=4129"}],"curies":[{"name":"wp","href":"https:\/\/api.w.org\/{rel}","templated":true}]}}