{"id":4123,"date":"2017-10-06T09:39:12","date_gmt":"2017-10-06T07:39:12","guid":{"rendered":"https:\/\/agh.sk\/produkty\/"},"modified":"2018-05-21T11:22:46","modified_gmt":"2018-05-21T09:22:46","slug":"produkty","status":"publish","type":"page","link":"https:\/\/agh.sk\/hu\/produkty\/","title":{"rendered":"Term\u00e9kek"},"content":{"rendered":"<p>[vc_row][vc_column]<div  id=\"sc_promo_27448265\" \n\tclass=\"sc_promo sc_promo_default sc_promo_size_large sc_promo_no_paddings sc_promo_no_image\"><div class=\"sc_promo_text\" style=\"width: 100%;\">\n\t\t\t<div class=\"sc_promo_text_inner\" style=\"\"><h2 class=\"sc_item_title sc_promo_title sc_align_center sc_item_title_style_default\">M\u00c9RETRE K\u00c9SZ\u00dcLT FA NY\u00cdL\u00c1SZ\u00c1R\u00d3K<\/h2><h6 class=\"sc_item_subtitle sc_promo_subtitle sc_align_center sc_item_title_style_default\">Ide\u00e1lis ar\u00e1ny min\u0151s\u00e9g \u00e9s \u00e1r k\u00f6z\u00f6tt<\/h6><div class=\"sc_item_descr sc_promo_descr sc_align_center\">Minden term\u00e9k\u00fcnk speci\u00e1lis, sz\u00e1m\u00edt\u00f3g\u00e9ppel vez\u00e9relt CNC technol\u00f3gi\u00e1val k\u00e9sz\u00fcl, amely t\u00f6k\u00e9letes form\u00e1z\u00e1si pontoss\u00e1got biztos\u00edt. Nem retten\u00fcnk meg a kev\u00e9sb\u00e9 szabv\u00e1nyos megold\u00e1sokt\u00f3l sem: atipikus form\u00e1kkal, m\u00e9retekkel vagy szokatlan elrendez\u00e9ssel is dolgozunk. Kiv\u00e1logatjuk a v\u00e9gterm\u00e9k tart\u00f3ss\u00e1g\u00e1t, hossz\u00fa t\u00e1v\u00fa funkcionalit\u00e1s\u00e1t \u00e9s megb\u00edzhat\u00f3s\u00e1g\u00e1t garant\u00e1l\u00f3 lehet\u0151 legjobb min\u0151s\u00e9g\u0171 alapanyagokat. Az osztr\u00e1k MACO c\u00e9g robusztus t\u00f6bbpontos vasalatait, valamint Adler m\u00e1rk\u00e1j\u00fa felsz\u00edni bevonatokat haszn\u00e1lunk.<\/div><div class=\"sc_promo_content sc_item_content\">[vc_column_text]<\/p>\n<p style=\"text-align: center;\"><em>Az innovat\u00edv technol\u00f3gi\u00e1val kombin\u00e1lt k\u00e9zimunka garanci\u00e1t jelent a cs\u00facskateg\u00f3ri\u00e1s v\u00e9gterm\u00e9kre<\/em><\/p>\n<p>[\/vc_column_text][vc_empty_space height=&#8221;&#8221; alter_height=&#8221;small&#8221; hide_on_mobile=&#8221;&#8221;][vc_row_inner][vc_column_inner width=&#8221;1\/2&#8243;][vc_column_text]<\/p>\n<ul class=\"trx_addons_list trx_addons_list_dot\">\n<li>ABLAKOK M\u00c9RETRE<br \/>\nM\u00e9retre gy\u00e1rtott, f\u00e1b\u00f3l k\u00e9sz\u00fclt ablakaink megfelelnek a legmagasabb min\u0151s\u00e9gi elv\u00e1r\u00e1soknak is. K\u00edn\u00e1latunkban megtal\u00e1lhat\u00f3k a fa-alum\u00ednium, illetve francia ablakok is, melyek hossz\u00fa \u00e9lettartamukr\u00f3l ismertek. F\u00e1b\u00f3l k\u00e9sz\u00fclt euroablakokra is szakosodtunk.<\/li>\n<\/ul>\n<ul class=\"trx_addons_list trx_addons_list_dot\">\n<li>AJT\u00d3K M\u00c9RETRE<br \/>\nEgyedi, m\u00e9retre gy\u00e1rtott, f\u00e1b\u00f3l k\u00e9sz\u00fclt ajt\u00f3ink b\u00e1rmelyik \u00e9p\u00fclet d\u00edsz\u00e9v\u00e9 v\u00e1lhatnak. Gy\u00e1rt\u00e1si programunkban megtal\u00e1lhat\u00f3k bej\u00e1rati, belt\u00e9ri \u00e9s teraszajt\u00f3k is. Atipikus ajt\u00f3-modellek \u00e9s a fa-alum\u00ednium ajt\u00f3k gy\u00e1rt\u00e1s\u00e1val is foglalkozunk.<\/li>\n<\/ul>\n<p>[\/vc_column_text][\/vc_column_inner][vc_column_inner width=&#8221;1\/2&#8243;][vc_column_text]<\/p>\n<ul class=\"trx_addons_list trx_addons_list_dot\">\n<li>TOL\u00d3AJT\u00d3 RENDSZEREK<br \/>\nA tol\u00f3rendszerek modern tervez\u0151i elemek, amelyek \u00faj lehet\u0151s\u00e9geket k\u00edn\u00e1lnak lak\u00f3- vagy kereskedelmi helyis\u00e9gekben. Modern technol\u00f3gi\u00e1j\u00fa \u00e9s a k\u00f6nnyen kezelhet\u0151 FS, HS \u00e9s PSK port\u00e1lokat gy\u00e1rtunk .<\/li>\n<li>KIEG\u00c9SZ\u00cdT\u0150K<br \/>\nAnnak \u00e9rdek\u00e9ben, hogy a v\u00e9gterm\u00e9k teljesen m\u0171k\u00f6d\u0151k\u00e9pes legyen, c\u00e9lszer\u0171 tartoz\u00e9kokra is sz\u00fcks\u00e9ge lesz. N\u00e1lunk kieg\u00e9sz\u00edt\u0151k sz\u00e9les sk\u00e1l\u00e1j\u00e1b\u00f3l v\u00e1laszthat: \u00e1rny\u00e9kol\u00f3k, zsalug\u00e1terek, biztons\u00e1gi vasalatok, ablakp\u00e1rk\u00e1nyok, kilincsek, ablakf\u00f3li\u00e1k, ajt\u00f3p\u00e1ntok, red\u0151ny\u00f6k vagy h\u0151szigetel\u0151 \u00fcvegek.<\/li>\n<\/ul>\n<p>[\/vc_column_text][\/vc_column_inner][\/vc_row_inner]<\/div><\/div>\n\t\t<\/div><!-- \/.sc_promo_text --><\/div><!-- \/.sc_promo -->[vc_separator css=&#8221;.vc_custom_1519036623823{margin-top: 4rem !important;margin-bottom: 4rem !important;}&#8221;][\/vc_column][\/vc_row][vc_row el_class=&#8221;test&#8221;][vc_column width=&#8221;1\/4&#8243; css=&#8221;.vc_custom_1510756990531{padding-right: 0px !important;padding-left: 0px !important;background-color: #f7f7f7 !important;}&#8221; el_class=&#8221;columnborder&#8221;]<div id=\"sc_title_2033478368\"\n\t\tclass=\"scheme_default sc_title sc_title_default title  vc_custom_1526379109537\"><h2 class=\"sc_item_title sc_title_title sc_align_default sc_item_title_style_default\">Ablakok m\u00e9retre<\/h2><\/div><!-- \/.sc_title -->[vc_single_image image=&#8221;3339&#8243; img_size=&#8221;&#8221; alignment=&#8221;center&#8221; el_class=&#8221;foto&#8221;][vc_empty_space height=&#8221;16px&#8221; hide_on_mobile=&#8221;&#8221;][vc_column_text css=&#8221;.vc_custom_1526379127473{padding-top: 10px !important;padding-right: 10px !important;padding-bottom: 10px !important;padding-left: 10px !important;}&#8221;]A m\u00e9retre gy\u00e1rtott, f\u00e1b\u00f3l k\u00e9sz\u00fclt ablakok meghitt hangulatot \u00e9s melegs\u00e9get csemp\u00e9sznek otthon\u00e1ba. A fa id\u0151tlen \u00e9s nagyon j\u00f3l form\u00e1zhat\u00f3 term\u00e9szetes anyag. Az eredeti faablakok k\u00e9sz\u00edt\u00e9s\u00e9hez a legmodernebb, sz\u00e1m\u00edt\u00f3g\u00e9ppel vez\u00e9relt CNS technol\u00f3gi\u00e1t haszn\u00e1ljuk.[\/vc_column_text][vc_empty_space height=&#8221;16px&#8221; hide_on_mobile=&#8221;&#8221;]<div class=\"sc_item_button sc_button_wrap sc_align_center\"><a href=\"https:\/\/agh.sk\/hu\/okna-na-mieru\"\n\t id=\"sc_button_789304292\" \n\tclass=\"sc_button sc_button_default sc_button_size_large sc_button_icon_left\"\n\t\t><span class=\"sc_button_text sc_align_center\"><span class=\"sc_button_title\">TOV\u00c1BB<\/span><\/span><!-- \/.sc_button_text --><\/a><!-- \/.sc_button --><\/div><!-- \/.sc_item_button -->[vc_empty_space height=&#8221;16px&#8221; hide_on_mobile=&#8221;&#8221;][\/vc_column][vc_column width=&#8221;1\/4&#8243; css=&#8221;.vc_custom_1507550957712{padding-right: 0px !important;padding-left: 0px !important;background-color: #f7f7f7 !important;}&#8221; el_class=&#8221;columnborder&#8221;]<div id=\"sc_title_944407238\"\n\t\tclass=\"scheme_default sc_title sc_title_default title  vc_custom_1526379160280\"><h2 class=\"sc_item_title sc_title_title sc_align_default sc_item_title_style_default\">Ajt\u00f3k m\u00e9retre<\/h2><\/div><!-- \/.sc_title -->[vc_single_image image=&#8221;3347&#8243; img_size=&#8221;&#8221; alignment=&#8221;center&#8221; el_class=&#8221;foto&#8221;][vc_empty_space height=&#8221;16px&#8221; hide_on_mobile=&#8221;&#8221;][vc_column_text css=&#8221;.vc_custom_1526379177800{padding-top: 10px !important;padding-right: 10px !important;padding-bottom: 10px !important;padding-left: 10px !important;}&#8221;]Min\u0151s\u00e9gi, m\u00e9retre gy\u00e1rtott ajt\u00f3ink maxim\u00e1lisan megfelelnek lak\u00f3helye vagy irod\u00e1ja javasolt elrendez\u00e9s\u00e9nek. Olyan bel-, illetve k\u00fclt\u00e9ri ajt\u00f3kat gy\u00e1rtunk, amelyek nem csup\u00e1n modern formatervez\u00e9ssel rendelkeznek, hanem \u00fcgyes funkcion\u00e1lis elemekkel is.[\/vc_column_text][vc_empty_space height=&#8221;16px&#8221; hide_on_mobile=&#8221;&#8221;]<div class=\"sc_item_button sc_button_wrap sc_align_center\"><a href=\"https:\/\/agh.sk\/hu\/dvere-na-mieru\"\n\t id=\"sc_button_1274226989\" \n\tclass=\"sc_button sc_button_default sc_button_size_large sc_button_icon_left\"\n\t\t><span class=\"sc_button_text sc_align_center\"><span class=\"sc_button_title\">TOV\u00c1BB<\/span><\/span><!-- \/.sc_button_text --><\/a><!-- \/.sc_button --><\/div><!-- \/.sc_item_button -->[vc_empty_space height=&#8221;16px&#8221; hide_on_mobile=&#8221;&#8221;][\/vc_column][vc_column width=&#8221;1\/4&#8243; css=&#8221;.vc_custom_1507550965138{padding-right: 0px !important;padding-left: 0px !important;background-color: #f7f7f7 !important;}&#8221; el_class=&#8221;columnborder&#8221;]<div id=\"sc_title_28857941\"\n\t\tclass=\"scheme_default sc_title sc_title_default title  vc_custom_1526379209280\"><h2 class=\"sc_item_title sc_title_title sc_align_default sc_item_title_style_default\">Tol\u00f3rednszerek<\/h2><\/div><!-- \/.sc_title -->[vc_single_image image=&#8221;3343&#8243; img_size=&#8221;&#8221; alignment=&#8221;center&#8221; el_class=&#8221;foto&#8221;][vc_empty_space height=&#8221;16px&#8221; hide_on_mobile=&#8221;&#8221;][vc_column_text css=&#8221;.vc_custom_1526379231305{padding-top: 10px !important;padding-right: 10px !important;padding-bottom: 10px !important;padding-left: 10px !important;}&#8221;]A praktikus tol\u00f3ajt\u00f3 rendszerek nem csak arra k\u00edn\u00e1lnak lehet\u0151s\u00e9get, hogy kertj\u00e9nek vagy terasz\u00e1nak sz\u00e9ps\u00e9geit csod\u00e1lhassa, de tervez\u0151i \u00f6r\u00f6m\u00f6t is jelentenek, ebb\u0151l kifoly\u00f3lag pedig d\u00edszei minden h\u00e1znak. A tol\u00f3ajt\u00f3 rendszerek eleg\u00e1nsan \u00f6sszekapcsolj\u00e1k a bels\u0151 \u00e9s k\u00fcls\u0151 tereket.[\/vc_column_text][vc_empty_space height=&#8221;16px&#8221; hide_on_mobile=&#8221;&#8221;]<div class=\"sc_item_button sc_button_wrap sc_align_center\"><a href=\"https:\/\/agh.sk\/hu\/posuvne-systemy\"\n\t id=\"sc_button_149164667\" \n\tclass=\"sc_button sc_button_default sc_button_size_large sc_button_icon_left\"\n\t\t><span class=\"sc_button_text sc_align_center\"><span class=\"sc_button_title\">TOV\u00c1BB<\/span><\/span><!-- \/.sc_button_text --><\/a><!-- \/.sc_button --><\/div><!-- \/.sc_item_button -->[vc_empty_space height=&#8221;16px&#8221; hide_on_mobile=&#8221;&#8221;][\/vc_column][vc_column width=&#8221;1\/4&#8243; css=&#8221;.vc_custom_1507550988575{padding-right: 0px !important;padding-left: 0px !important;background-color: #f7f7f7 !important;}&#8221; el_class=&#8221;columnborder&#8221;]<div id=\"sc_title_782791466\"\n\t\tclass=\"scheme_default sc_title sc_title_default title  vc_custom_1526379258992\"><h2 class=\"sc_item_title sc_title_title sc_align_default sc_item_title_style_default\">Kieg\u00e9sz\u00edt\u0151k<\/h2><\/div><!-- \/.sc_title -->[vc_single_image image=&#8221;3345&#8243; img_size=&#8221;&#8221; alignment=&#8221;center&#8221; el_class=&#8221;foto&#8221;][vc_empty_space height=&#8221;16px&#8221; hide_on_mobile=&#8221;&#8221;][vc_column_text css=&#8221;.vc_custom_1526379271825{padding-top: 10px !important;padding-right: 10px !important;padding-bottom: 10px !important;padding-left: 10px !important;}&#8221;]A m\u00e9retre gy\u00e1rtott ny\u00edl\u00e1sz\u00e1r\u00f3knak term\u00e9szetesen harmoniz\u00e1lniuk kell azzal az \u00e9p\u00fclettel, amelynek r\u00e9sz\u00e9t k\u00e9pezik, mik\u00f6zben st\u00edlusosan illeszkednek a k\u00f6rnyezetbe. K\u00edn\u00e1latunkban megtal\u00e1lja funkcion\u00e1lis kieg\u00e9sz\u00edt\u0151ink sz\u00e9les v\u00e1laszt\u00e9k\u00e1t, amelyekkel sz\u00f3 szerint fel tudunk &#8220;\u00e9kszerezni&#8221;minden \u00fajonnan elk\u00e9sz\u00edtett ablakot vagy ajt\u00f3t.[\/vc_column_text][vc_empty_space height=&#8221;16px&#8221; hide_on_mobile=&#8221;&#8221;]<div class=\"sc_item_button sc_button_wrap sc_align_center\"><a href=\"https:\/\/agh.sk\/hu\/doplnky\"\n\t id=\"sc_button_1204287735\" \n\tclass=\"sc_button sc_button_default sc_button_size_large sc_button_icon_left\"\n\t\t><span class=\"sc_button_text sc_align_center\"><span class=\"sc_button_title\">TOV\u00c1BB<\/span><\/span><!-- \/.sc_button_text --><\/a><!-- \/.sc_button --><\/div><!-- \/.sc_item_button -->[vc_empty_space height=&#8221;16px&#8221; hide_on_mobile=&#8221;&#8221;][\/vc_column][\/vc_row]<\/p>\n","protected":false},"excerpt":{"rendered":"<p>[vc_row][vc_column][vc_separator css=&#8221;.vc_custom_1519036623823{margin-top: 4rem !important;margin-bottom: 4rem !important;}&#8221;][\/vc_column][\/vc_row][vc_row el_class=&#8221;test&#8221;][vc_column width=&#8221;1\/4&#8243; css=&#8221;.vc_custom_1510756990531{padding-right: 0px !important;padding-left: 0px !important;background-color: #f7f7f7 !important;}&#8221; el_class=&#8221;columnborder&#8221;][vc_single_image image=&#8221;3339&#8243; img_size=&#8221;&#8221; alignment=&#8221;center&#8221; el_class=&#8221;foto&#8221;][vc_empty_space height=&#8221;16px&#8221; hide_on_mobile=&#8221;&#8221;][vc_column_text css=&#8221;.vc_custom_1526379127473{padding-top: 10px !important;padding-right: 10px !important;padding-bottom: 10px !important;padding-left: 10px !important;}&#8221;]A m\u00e9retre gy\u00e1rtott, f\u00e1b\u00f3l k\u00e9sz\u00fclt ablakok meghitt hangulatot \u00e9s melegs\u00e9get csemp\u00e9sznek otthon\u00e1ba. A fa id\u0151tlen \u00e9s nagyon j\u00f3l form\u00e1zhat\u00f3 term\u00e9szetes anyag. Az eredeti faablakok k\u00e9sz\u00edt\u00e9s\u00e9hez a legmodernebb, sz\u00e1m\u00edt\u00f3g\u00e9ppel vez\u00e9relt CNS&hellip;<\/p>\n","protected":false},"author":1,"featured_media":0,"parent":0,"menu_order":0,"comment_status":"closed","ping_status":"closed","template":"","meta":{"_exactmetrics_skip_tracking":false,"_exactmetrics_sitenote_active":false,"_exactmetrics_sitenote_note":"","_exactmetrics_sitenote_category":0,"ngg_post_thumbnail":0},"yoast_head":"<!-- This site is optimized with the Yoast SEO plugin v19.5.1 - https:\/\/yoast.com\/wordpress\/plugins\/seo\/ -->\n<title>Dreven\u00e9 okn\u00e1 a dvere na mieru - \u00c1GH STOL\u00c1RSTO<\/title>\n<meta name=\"robots\" content=\"index, follow, max-snippet:-1, max-image-preview:large, max-video-preview:-1\" \/>\n<link rel=\"canonical\" href=\"https:\/\/agh.sk\/hu\/produkty\/\" \/>\n<meta property=\"og:locale\" content=\"hu_HU\" \/>\n<meta property=\"og:type\" content=\"article\" \/>\n<meta property=\"og:title\" content=\"Dreven\u00e9 okn\u00e1 a dvere na mieru - \u00c1GH STOL\u00c1RSTO\" \/>\n<meta property=\"og:description\" content=\"[vc_row][vc_column][vc_separator css=&#8221;.vc_custom_1519036623823{margin-top: 4rem !important;margin-bottom: 4rem !important;}&#8221;][\/vc_column][\/vc_row][vc_row el_class=&#8221;test&#8221;][vc_column width=&#8221;1\/4&#8243; css=&#8221;.vc_custom_1510756990531{padding-right: 0px !important;padding-left: 0px !important;background-color: #f7f7f7 !important;}&#8221; el_class=&#8221;columnborder&#8221;][vc_single_image image=&#8221;3339&#8243; img_size=&#8221;&#8221; alignment=&#8221;center&#8221; el_class=&#8221;foto&#8221;][vc_empty_space height=&#8221;16px&#8221; hide_on_mobile=&#8221;&#8221;][vc_column_text css=&#8221;.vc_custom_1526379127473{padding-top: 10px !important;padding-right: 10px !important;padding-bottom: 10px !important;padding-left: 10px !important;}&#8221;]A m\u00e9retre gy\u00e1rtott, f\u00e1b\u00f3l k\u00e9sz\u00fclt ablakok meghitt hangulatot \u00e9s melegs\u00e9get csemp\u00e9sznek otthon\u00e1ba. A fa id\u0151tlen \u00e9s nagyon j\u00f3l form\u00e1zhat\u00f3 term\u00e9szetes anyag. Az eredeti faablakok k\u00e9sz\u00edt\u00e9s\u00e9hez a legmodernebb, sz\u00e1m\u00edt\u00f3g\u00e9ppel vez\u00e9relt CNS&hellip;\" \/>\n<meta property=\"og:url\" content=\"https:\/\/agh.sk\/hu\/produkty\/\" \/>\n<meta property=\"og:site_name\" content=\"Juraj \u00c1gh - \u00c1GH STOL\u00c1RSTVO\" \/>\n<meta property=\"article:publisher\" content=\"https:\/\/www.facebook.com\/GH-okn-a-dvere-sro-745662738825627\/\" \/>\n<meta property=\"article:modified_time\" content=\"2018-05-21T09:22:46+00:00\" \/>\n<meta name=\"twitter:card\" content=\"summary_large_image\" \/>\n<meta name=\"twitter:label1\" content=\"Becs\u00fclt olvas\u00e1si id\u0151\" \/>\n\t<meta name=\"twitter:data1\" content=\"6 perc\" \/>\n<script type=\"application\/ld+json\" class=\"yoast-schema-graph\">{\"@context\":\"https:\/\/schema.org\",\"@graph\":[{\"@type\":\"WebPage\",\"@id\":\"https:\/\/agh.sk\/hu\/produkty\/\",\"url\":\"https:\/\/agh.sk\/hu\/produkty\/\",\"name\":\"Dreven\u00e9 okn\u00e1 a dvere na mieru - \u00c1GH STOL\u00c1RSTO\",\"isPartOf\":{\"@id\":\"https:\/\/agh.sk\/#website\"},\"datePublished\":\"2017-10-06T07:39:12+00:00\",\"dateModified\":\"2018-05-21T09:22:46+00:00\",\"breadcrumb\":{\"@id\":\"https:\/\/agh.sk\/hu\/produkty\/#breadcrumb\"},\"inLanguage\":\"hu\",\"potentialAction\":[{\"@type\":\"ReadAction\",\"target\":[\"https:\/\/agh.sk\/hu\/produkty\/\"]}]},{\"@type\":\"BreadcrumbList\",\"@id\":\"https:\/\/agh.sk\/hu\/produkty\/#breadcrumb\",\"itemListElement\":[{\"@type\":\"ListItem\",\"position\":1,\"name\":\"Domov\",\"item\":\"https:\/\/agh.sk\/hu\/domov\/\"},{\"@type\":\"ListItem\",\"position\":2,\"name\":\"Term\u00e9kek\"}]},{\"@type\":\"WebSite\",\"@id\":\"https:\/\/agh.sk\/#website\",\"url\":\"https:\/\/agh.sk\/\",\"name\":\"Juraj \u00c1gh - \u00c1GH STOL\u00c1RSTVO\",\"description\":\"Okn\u00e1 a dvere\",\"potentialAction\":[{\"@type\":\"SearchAction\",\"target\":{\"@type\":\"EntryPoint\",\"urlTemplate\":\"https:\/\/agh.sk\/?s={search_term_string}\"},\"query-input\":\"required name=search_term_string\"}],\"inLanguage\":\"hu\"}]}<\/script>\n<!-- \/ Yoast SEO plugin. -->","yoast_head_json":{"title":"Dreven\u00e9 okn\u00e1 a dvere na mieru - \u00c1GH STOL\u00c1RSTO","robots":{"index":"index","follow":"follow","max-snippet":"max-snippet:-1","max-image-preview":"max-image-preview:large","max-video-preview":"max-video-preview:-1"},"canonical":"https:\/\/agh.sk\/hu\/produkty\/","og_locale":"hu_HU","og_type":"article","og_title":"Dreven\u00e9 okn\u00e1 a dvere na mieru - \u00c1GH STOL\u00c1RSTO","og_description":"[vc_row][vc_column][vc_separator css=&#8221;.vc_custom_1519036623823{margin-top: 4rem !important;margin-bottom: 4rem !important;}&#8221;][\/vc_column][\/vc_row][vc_row el_class=&#8221;test&#8221;][vc_column width=&#8221;1\/4&#8243; css=&#8221;.vc_custom_1510756990531{padding-right: 0px !important;padding-left: 0px !important;background-color: #f7f7f7 !important;}&#8221; el_class=&#8221;columnborder&#8221;][vc_single_image image=&#8221;3339&#8243; img_size=&#8221;&#8221; alignment=&#8221;center&#8221; el_class=&#8221;foto&#8221;][vc_empty_space height=&#8221;16px&#8221; hide_on_mobile=&#8221;&#8221;][vc_column_text css=&#8221;.vc_custom_1526379127473{padding-top: 10px !important;padding-right: 10px !important;padding-bottom: 10px !important;padding-left: 10px !important;}&#8221;]A m\u00e9retre gy\u00e1rtott, f\u00e1b\u00f3l k\u00e9sz\u00fclt ablakok meghitt hangulatot \u00e9s melegs\u00e9get csemp\u00e9sznek otthon\u00e1ba. A fa id\u0151tlen \u00e9s nagyon j\u00f3l form\u00e1zhat\u00f3 term\u00e9szetes anyag. Az eredeti faablakok k\u00e9sz\u00edt\u00e9s\u00e9hez a legmodernebb, sz\u00e1m\u00edt\u00f3g\u00e9ppel vez\u00e9relt CNS&hellip;","og_url":"https:\/\/agh.sk\/hu\/produkty\/","og_site_name":"Juraj \u00c1gh - \u00c1GH STOL\u00c1RSTVO","article_publisher":"https:\/\/www.facebook.com\/GH-okn-a-dvere-sro-745662738825627\/","article_modified_time":"2018-05-21T09:22:46+00:00","twitter_card":"summary_large_image","twitter_misc":{"Becs\u00fclt olvas\u00e1si id\u0151":"6 perc"},"schema":{"@context":"https:\/\/schema.org","@graph":[{"@type":"WebPage","@id":"https:\/\/agh.sk\/hu\/produkty\/","url":"https:\/\/agh.sk\/hu\/produkty\/","name":"Dreven\u00e9 okn\u00e1 a dvere na mieru - \u00c1GH STOL\u00c1RSTO","isPartOf":{"@id":"https:\/\/agh.sk\/#website"},"datePublished":"2017-10-06T07:39:12+00:00","dateModified":"2018-05-21T09:22:46+00:00","breadcrumb":{"@id":"https:\/\/agh.sk\/hu\/produkty\/#breadcrumb"},"inLanguage":"hu","potentialAction":[{"@type":"ReadAction","target":["https:\/\/agh.sk\/hu\/produkty\/"]}]},{"@type":"BreadcrumbList","@id":"https:\/\/agh.sk\/hu\/produkty\/#breadcrumb","itemListElement":[{"@type":"ListItem","position":1,"name":"Domov","item":"https:\/\/agh.sk\/hu\/domov\/"},{"@type":"ListItem","position":2,"name":"Term\u00e9kek"}]},{"@type":"WebSite","@id":"https:\/\/agh.sk\/#website","url":"https:\/\/agh.sk\/","name":"Juraj \u00c1gh - \u00c1GH STOL\u00c1RSTVO","description":"Okn\u00e1 a dvere","potentialAction":[{"@type":"SearchAction","target":{"@type":"EntryPoint","urlTemplate":"https:\/\/agh.sk\/?s={search_term_string}"},"query-input":"required name=search_term_string"}],"inLanguage":"hu"}]}},"_links":{"self":[{"href":"https:\/\/agh.sk\/hu\/wp-json\/wp\/v2\/pages\/4123"}],"collection":[{"href":"https:\/\/agh.sk\/hu\/wp-json\/wp\/v2\/pages"}],"about":[{"href":"https:\/\/agh.sk\/hu\/wp-json\/wp\/v2\/types\/page"}],"author":[{"embeddable":true,"href":"https:\/\/agh.sk\/hu\/wp-json\/wp\/v2\/users\/1"}],"replies":[{"embeddable":true,"href":"https:\/\/agh.sk\/hu\/wp-json\/wp\/v2\/comments?post=4123"}],"version-history":[{"count":3,"href":"https:\/\/agh.sk\/hu\/wp-json\/wp\/v2\/pages\/4123\/revisions"}],"predecessor-version":[{"id":4254,"href":"https:\/\/agh.sk\/hu\/wp-json\/wp\/v2\/pages\/4123\/revisions\/4254"}],"wp:attachment":[{"href":"https:\/\/agh.sk\/hu\/wp-json\/wp\/v2\/media?parent=4123"}],"curies":[{"name":"wp","href":"https:\/\/api.w.org\/{rel}","templated":true}]}}